{"id":10853,"date":"2019-12-19T10:10:41","date_gmt":"2019-12-19T09:10:41","guid":{"rendered":"https:\/\/hei.eus\/eventos\/presencia-en-redes-sociales\/"},"modified":"2019-12-31T20:53:19","modified_gmt":"2019-12-31T19:53:19","slug":"presencia-en-redes-sociales","status":"publish","type":"tribe_events","link":"https:\/\/hei.eus\/es\/eventos\/presencia-en-redes-sociales\/","title":{"rendered":"Presencia en redes sociales"},"content":{"rendered":"<p> <!--ODT--> <\/p>\n<p>Curso incluido dentro de <a href=\"https:\/\/www.vitoria-gasteiz.org\/wb021\/was\/contenidoAction.do?uid=u12aa3e5_1576eff20cf__7e8b&amp;alias=&amp;idioma=es\">HEI Escuela Abierta de la Ciudadan\u00eda<\/a><\/p>\n<p><img decoding=\"async\" src=\"https:\/\/www.vitoria-gasteiz.org\/docs\/wb021\/img\/gestor\/82\/82\/gi_48282.jpg\" alt=\"\" \/><\/p>\n<p>Conoce las posibilidades de las diferentes redes sociales y c\u00e1ul es la que mejor se adec\u00faa a tus necesidades.<\/p>\n<p>Colabora: Saregune de la asociaci\u00f3n Sartu \u00c1lava<\/p>\n<p><strong>Fecha<\/strong>: 20 de abril<\/p>\n<p><strong>Horario<\/strong>: 9:30-11.30<\/p>\n<p><strong>Idioma<\/strong>: castellano<\/p>\n<p><strong>Lugar<\/strong>: Saregune. Cant\u00f3n de Santa Mar\u00eda, 4.<\/p>\n<p><strong>Dirigido a<\/strong>: entidades ciudadanas, asociaciones, fundaciones,\u2026<\/p>\n<p><\/p>\n<div style=\"text-align: center\"><a href=\"https:\/\/www.vitoria-gasteiz.org\/j31-01w\/formularioViewer\/create?formularioId=229\" class=\"tribe-events-button\">INSCR\u00cdBETE<\/a><\/div>\n<h4>Inscripciones<\/h4>\n<p>Entrada gratuita previa inscripci\u00f3n. La inscripci\u00f3n puede hacerse v\u00eda <a href=\"https:\/\/www.vitoria-gasteiz.org\/j31-01w\/formularioViewer\/create?formularioId=229\">web<\/a>, llamando al tel\u00e9fono <a href=\"tel:010\" target=\"_blank\" rel=\"external noopener noreferrer\">010<\/a> (<a href=\"tel:+34945161100\" target=\"_blank\" rel=\"external noopener noreferrer\">945 161 100<\/a> si se llama desde fuera del municipio) o de manera presencial en las Oficinas de Atenci\u00f3n Ciudadana<\/p>\n<p>El plazo de inscripci\u00f3n estar\u00e1 abierto a partir del 20 de octubre de 2017. Las plazas de las actividades de la Escuela se adjudican por orden de inscripci\u00f3n.<\/p>\n<p>Si te has inscrito pero finalmente no puedes realizar la actividad, h\u00e1znoslo saber con anterioridad a la fecha del comienzo de la misma, llamando al 945 161687 \/ o en <a href=\"mailto:heieskola@vitoria-gasteiz.org\" target=\"_blank\" rel=\"external noopener noreferrer\">heieskola@vitoria-gasteiz.org<\/a>. La baja en la actividad generar\u00e1 la posibilidad de que otra persona pueda inscribirse en la plaza que dejas libre.<\/p>\n<p>Las actividades que no alcancen un n\u00famero m\u00ednimo de inscripciones podr\u00e1n ser suspendidas.<\/p>\n<p><\/p>","protected":false},"excerpt":{"rendered":"<p>Curso incluido dentro de HEI Escuela Abierta de la Ciudadan\u00eda [&hellip;]<\/p>\n","protected":false},"author":2,"featured_media":0,"comment_status":"closed","ping_status":"closed","template":"","meta":{"_tribe_events_status":"","_tribe_events_status_reason":"","footnotes":""},"tags":[],"tribe_events_cat":[129],"_links":{"self":[{"href":"https:\/\/hei.eus\/es\/wp-json\/wp\/v2\/tribe_events\/10853"}],"collection":[{"href":"https:\/\/hei.eus\/es\/wp-json\/wp\/v2\/tribe_events"}],"about":[{"href":"https:\/\/hei.eus\/es\/wp-json\/wp\/v2\/types\/tribe_events"}],"author":[{"embeddable":true,"href":"https:\/\/hei.eus\/es\/wp-json\/wp\/v2\/users\/2"}],"replies":[{"embeddable":true,"href":"https:\/\/hei.eus\/es\/wp-json\/wp\/v2\/comments?post=10853"}],"version-history":[{"count":0,"href":"https:\/\/hei.eus\/es\/wp-json\/wp\/v2\/tribe_events\/10853\/revisions"}],"wp:attachment":[{"href":"https:\/\/hei.eus\/es\/wp-json\/wp\/v2\/media?parent=10853"}],"wp:term":[{"taxonomy":"post_tag","embeddable":true,"href":"https:\/\/hei.eus\/es\/wp-json\/wp\/v2\/tags?post=10853"},{"taxonomy":"tribe_events_cat","embeddable":true,"href":"https:\/\/hei.eus\/es\/wp-json\/wp\/v2\/tribe_events_cat?post=10853"}],"curies":[{"name":"wp","href":"https:\/\/api.w.org\/{rel}","templated":true}]}}