{"id":18431,"date":"2019-12-25T07:07:56","date_gmt":"2019-12-25T06:07:56","guid":{"rendered":"https:\/\/hei.eus\/es\/eventos\/mesa-redonda-los-medios-de-comunicacion-como-generadores-de-opinion\/"},"modified":"2019-12-31T20:53:02","modified_gmt":"2019-12-31T19:53:02","slug":"mesa-redonda-los-medios-de-comunicacion-como-generadores-de-opinion","status":"publish","type":"tribe_events","link":"https:\/\/hei.eus\/es\/eventos\/mesa-redonda-los-medios-de-comunicacion-como-generadores-de-opinion\/","title":{"rendered":"Mesa redonda. Los medios de comunicaci\u00f3n como generadores de opini\u00f3n."},"content":{"rendered":"<p> <!--ODT--> <\/p>\n<p>Curso incluido dentro de <a href=\"https:\/\/www.vitoria-gasteiz.org\/wb021\/was\/contenidoAction.do?uid=u12aa3e5_1576eff20cf__7e8b&amp;alias=&amp;idioma=es\">HEI Escuela Abierta de la Ciudadan\u00eda<\/a><\/p>\n<p><img decoding=\"async\" src=\"https:\/\/www.vitoria-gasteiz.org\/docs\/wb021\/img\/gestor\/83\/04\/gi_48304.jpg\" alt=\"\" \/><\/p>\n<p>Diferentes estudios sobre la comunicaci\u00f3n de masas constatan que los medios tienen efectos significativos en la sociedad, influyen sobre los estereotipos, sobre la opini\u00f3n, la construcci\u00f3n de ideas, aunque apenas hay un consenso sobre la naturaleza y alcance de tales efectos.<\/p>\n<p>\u00bfQu\u00e9 es la opini\u00f3n p\u00fablica?, \u00bfC\u00f3mo se genera la opini\u00f3n en las personas?. \u00bfC\u00f3mo influyen las RRSS sobre la opini\u00f3n p\u00fablica?, \u00e9stas y otras preguntas buscar\u00e1n su respuesta en una interesante mesa redonda donde 5 destacados periodistas de distintos medios escritos, radios e internet nos aportar\u00e1n su visi\u00f3n sobre como los medios de comunicaci\u00f3n pueden ser generadores de opini\u00f3n.<\/p>\n<p><strong>Moderador<\/strong>: Aitor Buendia<\/p>\n<p><strong>Fecha<\/strong>: 11 de enero<\/p>\n<p><strong>Horario<\/strong>: 19:00 \u2013 20:30<\/p>\n<p><strong>Idioma<\/strong>: castellano<\/p>\n<p><strong>Lugar<\/strong>: Palacio Villa Suso. Sal\u00f3n Mart\u00edn de Salinas.<\/p>\n<h4>Detalles<\/h4>\n<p>Entrada con invitaci\u00f3n. Se podr\u00e1n recoger a partir del 2 de enero en los centros c\u00edvicos.<\/p>\n<p>Las Conferencias dispondr\u00e1n de int\u00e9rprete de lenguaje de signos.<\/p>\n<p>En las conferencias y charlas se podr\u00e1 solicitar servicio de guarder\u00eda, con 5 d\u00edas de antelaci\u00f3n a trav\u00e9s del correo electr\u00f3nico heieskola@vitoria-gasteiz.org o en el tel\u00e9fono 945161687.<\/p>\n<p><\/p>","protected":false},"excerpt":{"rendered":"<p>Curso incluido dentro de HEI Escuela Abierta de la Ciudadan\u00eda [&hellip;]<\/p>\n","protected":false},"author":2,"featured_media":0,"comment_status":"closed","ping_status":"closed","template":"","meta":{"_tribe_events_status":"","_tribe_events_status_reason":"","footnotes":""},"tags":[],"tribe_events_cat":[129],"_links":{"self":[{"href":"https:\/\/hei.eus\/es\/wp-json\/wp\/v2\/tribe_events\/18431"}],"collection":[{"href":"https:\/\/hei.eus\/es\/wp-json\/wp\/v2\/tribe_events"}],"about":[{"href":"https:\/\/hei.eus\/es\/wp-json\/wp\/v2\/types\/tribe_events"}],"author":[{"embeddable":true,"href":"https:\/\/hei.eus\/es\/wp-json\/wp\/v2\/users\/2"}],"replies":[{"embeddable":true,"href":"https:\/\/hei.eus\/es\/wp-json\/wp\/v2\/comments?post=18431"}],"version-history":[{"count":0,"href":"https:\/\/hei.eus\/es\/wp-json\/wp\/v2\/tribe_events\/18431\/revisions"}],"wp:attachment":[{"href":"https:\/\/hei.eus\/es\/wp-json\/wp\/v2\/media?parent=18431"}],"wp:term":[{"taxonomy":"post_tag","embeddable":true,"href":"https:\/\/hei.eus\/es\/wp-json\/wp\/v2\/tags?post=18431"},{"taxonomy":"tribe_events_cat","embeddable":true,"href":"https:\/\/hei.eus\/es\/wp-json\/wp\/v2\/tribe_events_cat?post=18431"}],"curies":[{"name":"wp","href":"https:\/\/api.w.org\/{rel}","templated":true}]}}