{"id":18435,"date":"2019-12-25T07:08:04","date_gmt":"2019-12-25T06:08:04","guid":{"rendered":"https:\/\/hei.eus\/es\/eventos\/jornadas-de-participacion-ciudadana-innovacion-en-participacion-ciudadana\/"},"modified":"2019-12-31T20:53:06","modified_gmt":"2019-12-31T19:53:06","slug":"jornadas-de-participacion-ciudadana-innovacion-en-participacion-ciudadana","status":"publish","type":"tribe_events","link":"https:\/\/hei.eus\/es\/eventos\/jornadas-de-participacion-ciudadana-innovacion-en-participacion-ciudadana\/","title":{"rendered":"Jornadas de Participaci\u00f3n Ciudadana. Innovaci\u00f3n en Participaci\u00f3n Ciudadana."},"content":{"rendered":"<p> <!--ODT--> <\/p>\n<p>Curso incluido dentro de <a href=\"https:\/\/www.vitoria-gasteiz.org\/wb021\/was\/contenidoAction.do?uid=u12aa3e5_1576eff20cf__7e8b&amp;alias=&amp;idioma=es\">HEI Escuela Abierta de la Ciudadan\u00eda<\/a><\/p>\n<p><a href=\"https:\/\/www.vitoria-gasteiz.org\/wb021\/was\/contenidoAction.do?uid=u12aa3e5_1576eff20cf__7e6a&amp;idioma=es\"><strong>Ver en directo<\/strong><\/a><\/p>\n<p><strong>Fecha<\/strong>: 15 de febrero<\/p>\n<p><strong>Horario<\/strong>: 10:00 \u2013 19:00<\/p>\n<p><strong>Lugar<\/strong>: Palacio Villa Suso. Sal\u00f3n Mart\u00edn de Salinas<\/p>\n<p><strong>Dirigido a<\/strong>: ciudadan\u00eda, personal t\u00e9cnico municipal y representantes pol\u00edticos.<\/p>\n<p><img decoding=\"async\" src=\"https:\/\/www.vitoria-gasteiz.org\/docs\/wb021\/img\/gestor\/83\/97\/gi_48397.jpg\" alt=\"\" \/><\/p>\n<p><strong><i>10:00 \u2013 11:30. Conferencia. \u00bb Nuevas tendencias y experiencias innovadoras en Participaci\u00f3n Ciudadana\u00bb<\/i><\/strong><\/p>\n<p><i>Ponente: Bernardo Gutierrez. Periodista, investigador y responsable de comunicaci\u00f3n de los laboratoriao de participaci\u00f3n ciudadana MediaLab Prado Madrid<\/i>.<\/p>\n<p><i>Nos hablar\u00e1 sobre los nuevos movimientos participativos ciudadanos y la necesaria conexi\u00f3n con la administraci\u00f3n. En un mundo en el que todo va muy r\u00e1pido, el ma\u00f1ana ya est\u00e1 aqu\u00ed. Po lo que debemos preparanos para \u201cpasado ma\u00f1ana\u201d<\/i>.<\/p>\n<p><strong><i>11:30 \u2013 12:00. Descanso<\/i><\/strong><\/p>\n<p><strong><i>12:00 \u2013 14:00. Experiencias en Innovaci\u00f3n Ciudadana<\/i><\/strong><\/p>\n<p><i>Representantes de distintas ciudades nos acercar\u00e1n sus experiencias en participaci\u00f3n ciudadana y la repercusi\u00f3n que est\u00e1n teniendo en el municipio<\/i>:<\/p>\n<ul>\n<li><i>JUN (Twitter como herramienta de participaci\u00f3n y transparencia)Jos\u00e9 Antonio Rodr\u00edguez Salas &#8211; Alcalde del municipio de Jun<\/i><\/li>\n<li><i>BARCELONA (El barrio como eje de participaci\u00f3n)Oscar Rebollo Izquierdo &#8211; Director del Servei d\u00b4Acci\u00f3 Comunit\u00e0ria, Ger\u00e8ncia Drets de ciutadania, cultura, participaci\u00f3 i transpar\u00e8ncia del Ajuntament de Barcelona<\/i><\/li>\n<li><i>A CORU\u00d1A (Laboratorios ciudadanos)Claudia Delso Carrera &#8211; Concelleria de Participaci\u00f3n e innovaci\u00f3n Democr\u00e1tica del Ayuntamiento de A Coru\u00f1a<\/i><\/li>\n<\/ul>\n<ul>\n<li><i>VITORIA-GASTEIZ (Foro Ciudadano para la Movilidad Sostenible)<\/i>.<\/li>\n<\/ul>\n<p><strong><i>16:00 \u2013 17:00. Conferencia \u00abEnfoque experimental para innovar en participaci\u00f3n.\u201d<\/i><\/strong><\/p>\n<p><i>Ponente: Francisco Rojas Mart\u00edn. Director de Novagob<\/i>.<\/p>\n<p><i>Durante los \u00faltimos a\u00f1os diferentes administraciones p\u00fablicas a nivel internacional han puesto en marcha espacios para aplicar enfoques experimentales a los procesos de innovaci\u00f3n p\u00fablica, los denominados laboratorios de gobierno (GovLabs). Durante esta sesi\u00f3n conoceremos algunas de la experiencias m\u00e1s destacadas, las l\u00f3gicas de funcionamiento, las metodolog\u00edas empleadas y las diferencias y similitudes con los laboratorios ciudadanos<\/i>.<\/p>\n<p><i><strong>17:00 \u2013 19:00. Taller. De la teor\u00eda a la pr\u00e1ctica, aplicando el enfoque experimental para la innovaci\u00f3n p\u00fablica. (Open Space)<\/strong><\/i><\/p>\n<p><i>El objetivo de este taller es identificar entre todos y todas oportunidades e ideas concretas para que los asistentes se puedan llevar e propuestas como posibles pr\u00e1cticas a implementar en sus respectivos municipios<\/i>.<\/p>\n<p><i>A trav\u00e9s de la metodolog\u00eda Open Space abordremos temas como comunicaci\u00f3n y transparencia, el futuro de la participaci\u00f3n ciudadana, los barrios y la movilidad sostenible<\/i><\/p>\n<p><\/p>\n<div style=\"text-align: center\"><a href=\"https:\/\/www.vitoria-gasteiz.org\/j31-01w\/formularioViewer\/create?lang=es&amp;locale=es&amp;idioma=es&amp;formularioId=241\" class=\"tribe-events-button\">INSCR\u00cdBETE<\/a><\/div>\n<h4>Inscripciones<\/h4>\n<p>Entrada gratuita previa inscripci\u00f3n. La inscripci\u00f3n puede hacerse, a partir del 20 de octubre, v\u00eda <a href=\"https:\/\/www.vitoria-gasteiz.org\/j31-01w\/formularioViewer\/create?lang=es&amp;locale=es&amp;idioma=es&amp;formularioId=241\">web<\/a>, llamando al tel\u00e9fono <a href=\"tel:010\" target=\"_blank\" rel=\"external noopener noreferrer\">010<\/a> (<a href=\"tel:+34945161100\" target=\"_blank\" rel=\"external noopener noreferrer\">945 161 100<\/a> si se llama desde fuera del municipio) o de manera presencial en las Oficinas de Atenci\u00f3n Ciudadana.<\/p>\n<p>Si te has inscrito pero finalmente no puedes realizar la actividad, h\u00e1znoslo saber con anterioridad a la fecha del comienzo de la misma, llamando al 945 161687 \/ o en <a href=\"mailto:heieskola@vitoria-gasteiz.org\" target=\"_blank\" rel=\"external noopener noreferrer\">heieskola@vitoria-gasteiz.org<\/a>. La baja en la actividad generar\u00e1 la posibilidad de que otra persona pueda inscribirse en la plaza que dejas libre.<\/p>\n<p>Las actividades que no alcancen un n\u00famero m\u00ednimo de inscripciones podr\u00e1n ser suspendidas.<\/p>\n<p>Las Conferencias dispondr\u00e1n de int\u00e9rprete de lenguaje de signos.<\/p>\n<p>En las conferencias y charlas se podr\u00e1 solicitar servicio de guarder\u00eda, con 5 d\u00edas de antelaci\u00f3n a trav\u00e9s del correo electr\u00f3nico heieskola@vitoria-gasteiz.org o en el tel\u00e9fono 945161687.<\/p>\n<p><\/p>","protected":false},"excerpt":{"rendered":"<p>Curso incluido dentro de HEI Escuela Abierta de la Ciudadan\u00eda [&hellip;]<\/p>\n","protected":false},"author":2,"featured_media":0,"comment_status":"closed","ping_status":"closed","template":"","meta":{"_tribe_events_status":"","_tribe_events_status_reason":"","footnotes":""},"tags":[],"tribe_events_cat":[129],"_links":{"self":[{"href":"https:\/\/hei.eus\/es\/wp-json\/wp\/v2\/tribe_events\/18435"}],"collection":[{"href":"https:\/\/hei.eus\/es\/wp-json\/wp\/v2\/tribe_events"}],"about":[{"href":"https:\/\/hei.eus\/es\/wp-json\/wp\/v2\/types\/tribe_events"}],"author":[{"embeddable":true,"href":"https:\/\/hei.eus\/es\/wp-json\/wp\/v2\/users\/2"}],"replies":[{"embeddable":true,"href":"https:\/\/hei.eus\/es\/wp-json\/wp\/v2\/comments?post=18435"}],"version-history":[{"count":0,"href":"https:\/\/hei.eus\/es\/wp-json\/wp\/v2\/tribe_events\/18435\/revisions"}],"wp:attachment":[{"href":"https:\/\/hei.eus\/es\/wp-json\/wp\/v2\/media?parent=18435"}],"wp:term":[{"taxonomy":"post_tag","embeddable":true,"href":"https:\/\/hei.eus\/es\/wp-json\/wp\/v2\/tags?post=18435"},{"taxonomy":"tribe_events_cat","embeddable":true,"href":"https:\/\/hei.eus\/es\/wp-json\/wp\/v2\/tribe_events_cat?post=18435"}],"curies":[{"name":"wp","href":"https:\/\/api.w.org\/{rel}","templated":true}]}}