{"id":18440,"date":"2019-12-25T07:08:15","date_gmt":"2019-12-25T06:08:15","guid":{"rendered":"https:\/\/hei.eus\/es\/eventos\/ley-de-proteccion-de-datos-sabes-si-tu-asociacion-esta-al-dia-ultimas-novedades\/"},"modified":"2019-12-31T20:53:12","modified_gmt":"2019-12-31T19:53:12","slug":"ley-de-proteccion-de-datos-sabes-si-tu-asociacion-esta-al-dia-ultimas-novedades","status":"publish","type":"tribe_events","link":"https:\/\/hei.eus\/es\/eventos\/ley-de-proteccion-de-datos-sabes-si-tu-asociacion-esta-al-dia-ultimas-novedades\/","title":{"rendered":"Ley de Protecci\u00f3n de Datos \u00bfSabes si tu asociaci\u00f3n est\u00e1 al d\u00eda? \u00daltimas novedades"},"content":{"rendered":"<p> <!--ODT--> <\/p>\n<h3>Documentaci\u00f3n y materiales de los eventos organizados por HEI -Escuela Abierta de la Ciudadan\u00eda<\/h3>\n<p>Si no pudiste participar en los eventos de HEI &#8211; Escuela Abierta de la Ciudadan\u00eda, ahora tienes la oportunidad de ver el v\u00eddeo y\/o la documentaci\u00f3n generada en ellos.<\/p>\n<h4>Curso 2017-2018<\/h4>\n<p><a href=\"https:\/\/www.vitoria-gasteiz.org\/wb021\/was\/contenidoAction.do?uid=u314cbb8d_15f09b50491__7e64&amp;BD=S&amp;idioma=es\" \/> <\/p>\n<p><a href=\"https:\/\/www.vitoria-gasteiz.org\/wb021\/was\/contenidoAction.do?uid=u314cbb8d_15f09b50491__7d54&amp;BD=S&amp;idioma=es\">Ley de Protecci\u00f3n de datos. \u00bfSabes si tu asociaci\u00f3n est\u00e1 al d\u00eda? \u00daltimas novedades<\/a> <img decoding=\"async\" src=\"https:\/\/www.vitoria-gasteiz.org\/docs\/wb021\/img\/gestor\/98\/85\/gi_9885.gif\" alt=\"pdf\" \/> <a href=\"https:\/\/www.vitoria-gasteiz.org\/we001\/was\/we001Action.do?idioma=es&amp;accionWe001=adjunto&amp;nombre=78870.pdf\">documentaci\u00f3n<\/a><\/p>\n<p><a href=\"https:\/\/www.vitoria-gasteiz.org\/wb021\/was\/contenidoAction.do?uid=u314cbb8d_15f09b50491__7e64&amp;BD=S&amp;idioma=es\">Jornada: Innovaci\u00f3n en participaci\u00f3n Ciudadana<\/a> <a href=\"http:\/\/youtu.be\/GrvWPIbV2NE\" target=\"_blank\" rel=\"external noopener noreferrer\"><img decoding=\"async\" src=\"https:\/\/www.vitoria-gasteiz.org\/docs\/wb021\/img\/gestor\/49\/51\/gi_44951.jpg\" alt=\"\" \/>(Se abre en una ventana nueva)<\/a> <a href=\"http:\/\/youtu.be\/CCmGrlLR62Q\" target=\"_blank\" rel=\"external noopener noreferrer\"><img decoding=\"async\" src=\"https:\/\/www.vitoria-gasteiz.org\/docs\/wb021\/img\/gestor\/49\/51\/gi_44951.jpg\" alt=\"\" \/>(Se abre en una ventana nueva)<\/a> <a href=\"http:\/\/youtu.be\/dnzZTyVLHWw\" target=\"_blank\" rel=\"external noopener noreferrer\"><img decoding=\"async\" src=\"https:\/\/www.vitoria-gasteiz.org\/docs\/wb021\/img\/gestor\/49\/51\/gi_44951.jpg\" alt=\"\" \/>(Se abre en una ventana nueva)<\/a><\/p>\n<p><a href=\"https:\/\/www.vitoria-gasteiz.org\/wb021\/was\/contenidoAction.do?uid=u_4a28a780_15ee5a8cd21__7f37&amp;BD=S&amp;idioma=es\">Escucha activa y empatia<\/a> <img decoding=\"async\" src=\"https:\/\/www.vitoria-gasteiz.org\/docs\/wb021\/img\/gestor\/98\/85\/gi_9885.gif\" alt=\"pdf\" \/> <a href=\"https:\/\/www.vitoria-gasteiz.org\/we001\/was\/we001Action.do?idioma=es&amp;accionWe001=adjunto&amp;nombre=78417.pdf\">documentaci\u00f3n<\/a><\/p>\n<p><a href=\"https:\/\/www.vitoria-gasteiz.org\/wb021\/was\/contenidoAction.do?uid=u_4a28a780_15ee5a8cd21__7d21&amp;BD=S&amp;idioma=es\">Aprende a realizar tu proyecto y memoria<\/a> <img decoding=\"async\" src=\"https:\/\/www.vitoria-gasteiz.org\/docs\/wb021\/img\/gestor\/98\/85\/gi_9885.gif\" alt=\"pdf\" \/> <a href=\"https:\/\/www.vitoria-gasteiz.org\/we001\/was\/we001Action.do?idioma=es&amp;accionWe001=adjunto&amp;nombre=78197.pdf\">documentaci\u00f3n<\/a><\/p>\n<p><a href=\"https:\/\/www.vitoria-gasteiz.org\/wb021\/was\/contenidoAction.do?uid=u_4a28a780_15ee5a8cd21__7d22&amp;BD=S&amp;idioma=es\">Conoce las subvenciones municipales \u00bfCu\u00e1l te conviene?<\/a> <img decoding=\"async\" src=\"https:\/\/www.vitoria-gasteiz.org\/docs\/wb021\/img\/gestor\/98\/85\/gi_9885.gif\" alt=\"pdf\" \/> <a href=\"https:\/\/www.vitoria-gasteiz.org\/we001\/was\/we001Action.do?idioma=es&amp;accionWe001=adjunto&amp;nombre=78572.pdf\">documentaci\u00f3n<\/a><\/p>\n<p><a href=\"https:\/\/www.vitoria-gasteiz.org\/wb021\/was\/contenidoAction.do?uid=u314cbb8d_15f09b50491__7dea&amp;BD=S&amp;idioma=es\">Derechos y obligaciones de tu asociaci\u00f3n: La Ley de Transparencia y Acceso a la Informaci\u00f3n P\u00fablica<\/a>. <img decoding=\"async\" src=\"https:\/\/www.vitoria-gasteiz.org\/docs\/wb021\/img\/gestor\/98\/85\/gi_9885.gif\" alt=\"pdf\" \/><a href=\"https:\/\/www.vitoria-gasteiz.org\/we001\/was\/we001Action.do?idioma=es&amp;accionWe001=adjunto&amp;nombre=77715.pdf\">documentaci\u00f3n<\/a><\/p>\n<p><a href=\"https:\/\/www.vitoria-gasteiz.org\/wb021\/was\/contenidoAction.do?uid=u_4a28a780_15ee5a8cd21__7fa0&amp;BD=S&amp;idioma=es\">Reuniones eficaces: aprendiendo a moderar y deliberar<\/a> <img decoding=\"async\" src=\"https:\/\/www.vitoria-gasteiz.org\/docs\/wb021\/img\/gestor\/98\/85\/gi_9885.gif\" alt=\"pdf\" \/><a href=\"https:\/\/www.vitoria-gasteiz.org\/we001\/was\/we001Action.do?idioma=es&amp;accionWe001=adjunto&amp;nombre=77683.pdf\">documentaci\u00f3n<\/a><\/p>\n<p><a href=\"https:\/\/www.vitoria-gasteiz.org\/wb021\/was\/contenidoAction.do?uid=u_4a28a780_15ee5a8cd21__7e03&amp;BD=S&amp;idioma=es\">Mesa redonda: los medios de comunicaci\u00f3n como generadores de opini\u00f3n<\/a>. <a href=\"https:\/\/youtu.be\/INRlDw5QKiE\" target=\"_blank\" rel=\"external noopener noreferrer\"><img decoding=\"async\" src=\"https:\/\/www.vitoria-gasteiz.org\/docs\/wb021\/img\/gestor\/49\/51\/gi_44951.jpg\" alt=\"\" \/>(Se abre en una ventana nueva)<\/a><\/p>\n<p><a href=\"https:\/\/www.vitoria-gasteiz.org\/wb021\/was\/contenidoAction.do?uid=u314cbb8d_15f09b50491__7dec&amp;BD=S&amp;idioma=es\">Situaci\u00f3n del Tercer Sector Social en Euskadi<\/a> <img decoding=\"async\" src=\"https:\/\/www.vitoria-gasteiz.org\/docs\/wb021\/img\/gestor\/98\/85\/gi_9885.gif\" alt=\"pdf\" \/> <a href=\"https:\/\/www.vitoria-gasteiz.org\/we001\/was\/we001Action.do?idioma=es&amp;accionWe001=adjunto&amp;nombre=76913.pdf\">Documentaci\u00f3n<\/a><\/p>\n<p><a href=\"https:\/\/www.vitoria-gasteiz.org\/wb021\/was\/contenidoAction.do?uid=u_40bfe3d4_15d41a19e6a__7fcf&amp;BD=S&amp;idioma=es\">Aprendiendo a colaborar<\/a> <a href=\"https:\/\/www.vitoria-gasteiz.org\/we001\/was\/we001Action.do?idioma=es&amp;accionWe001=adjunto&amp;nombre=78630.pdf\">HEI documentaci\u00f3n<\/a><\/p>\n<p><a href=\"https:\/\/www.vitoria-gasteiz.org\/wb021\/was\/contenidoAction.do?idioma=es&amp;uid=u5109cc2a_15fbe4ed62d__7f9e\">&#8216;La magia de la Comunicaci\u00f3n&#8217; <\/a> de I\u00f1igo S\u00e1ez de Urturi <a href=\"https:\/\/youtu.be\/7XTxHxLInjI\" target=\"_blank\" rel=\"external noopener noreferrer\"><img decoding=\"async\" src=\"https:\/\/www.vitoria-gasteiz.org\/docs\/wb021\/img\/gestor\/49\/51\/gi_44951.jpg\" alt=\"\" \/>(Se abre en una ventana nueva)<\/a><\/p>\n<p><a href=\"https:\/\/www.vitoria-gasteiz.org\/wb021\/was\/contenidoAction.do?uid=u_4a28a780_15ee5a8cd21__7e14&amp;idioma=es\">\u00abPeque\u00f1as revoluciones para la vida\u00bb<\/a> Elsa Punset <img decoding=\"async\" src=\"https:\/\/www.vitoria-gasteiz.org\/docs\/wb021\/img\/gestor\/98\/85\/gi_9885.gif\" alt=\"pdf\" \/> <a href=\"https:\/\/www.vitoria-gasteiz.org\/we001\/was\/we001Action.do?idioma=es&amp;accionWe001=adjunto&amp;nombre=76432.pdf\">Documentaci\u00f3n<\/a><\/p>\n<h4>Curso 2016-2017<\/h4>\n<ul>\n<li>\u00ab<a href=\"https:\/\/www.vitoria-gasteiz.org\/wb021\/was\/contenidoAction.do?uid=u12aa3e5_1576eff20cf__7e38&amp;idioma=es\">Gobierno Abierto y Transparente<\/a>\u00bb Alberto Ortiz de Z\u00e1rate y Nagore de los R\u00edos. <a href=\"https:\/\/www.youtube.com\/watch?v=r_qdHRVp6I8\" target=\"_blank\" rel=\"external noopener noreferrer\"><img decoding=\"async\" src=\"https:\/\/www.vitoria-gasteiz.org\/docs\/wb021\/img\/gestor\/49\/51\/gi_44951.jpg\" alt=\"youtube\" \/>(Se abre en una ventana nueva)<\/a><\/li>\n<li><a href=\"https:\/\/www.vitoria-gasteiz.org\/wb021\/was\/contenidoAction.do?uid=u12aa3e5_1576eff20cf__7e23&amp;idioma=es\">La escuela que queremos: Propuestas curso 2017-2018<\/a>. [C] <a href=\"https:\/\/www.vitoria-gasteiz.org\/we001\/was\/we001Action.do?idioma=es&amp;accionWe001=adjunto&amp;nombre=73450.pdf\">Documentaci\u00f3n<\/a><\/li>\n<li>Puertas abiertas: <a href=\"https:\/\/www.vitoria-gasteiz.org\/wb021\/was\/contenidoAction.do?id=&amp;uid=u12aa3e5_1576eff20cf__7e1e&amp;idioma=es&amp;nuevaPag=\">Conoce tu Ayuntamiento II<\/a>.<\/li>\n<li>Jornada informativa para el Tercer Sector. Panorama Actual y Retos de los Servicios Sociales en \u00c1lava. <img decoding=\"async\" src=\"https:\/\/www.vitoria-gasteiz.org\/docs\/wb021\/img\/gestor\/98\/85\/gi_9885.gif\" alt=\"pdf\" \/><a href=\"https:\/\/www.vitoria-gasteiz.org\/we001\/was\/we001Action.do?idioma=es&amp;accionWe001=adjunto&amp;nombre=72676.pdf\">Documentaci\u00f3n<\/a><\/li>\n<li>Puertas abiertas: <a href=\"https:\/\/www.vitoria-gasteiz.org\/wb021\/was\/contenidoAction.do?uid=u12aa3e5_1576eff20cf__7e1f&amp;idioma=es\">Conoce tu Ayuntamiento<\/a>. <img decoding=\"async\" src=\"https:\/\/www.vitoria-gasteiz.org\/docs\/wb021\/img\/gestor\/98\/85\/gi_9885.gif\" alt=\"pdf\" \/> <a href=\"https:\/\/www.vitoria-gasteiz.org\/we001\/was\/we001Action.do?idioma=es&amp;accionWe001=adjunto&amp;nombre=72558.pdf\">Documentaci\u00f3n<\/a><\/li>\n<li>\u00ab<a href=\"https:\/\/www.vitoria-gasteiz.org\/wb021\/was\/contenidoAction.do?id=&amp;uid=u12aa3e5_1576eff20cf__7e3a&amp;idioma=es&amp;nuevaPag=\">Construyendo modelo de ciudad desde la ciudadan\u00eda<\/a>\u00bb mesa redonda Jos\u00e9 Angel Cuerda, Mart\u00edn Gartziandia, Mentxu Ramilo y Melania Moscoso. <a href=\"https:\/\/youtu.be\/6RvXTYwQezY\" target=\"_blank\" rel=\"external noopener noreferrer\">[[img(Se abre en una ventana nueva)<\/a>: <a href=\"https:\/\/youtu.be\/6RvXTYwQezY\" target=\"_blank\" rel=\"external noopener noreferrer\">{imagen:gi_44951.jpg} ]](Se abre en una ventana nueva)<\/a><\/li>\n<li><a href=\"https:\/\/www.vitoria-gasteiz.org\/wb021\/was\/contenidoAction.do?uid=u12aa3e5_1576eff20cf__7e27&amp;idioma=es\">C\u00f3mo afecta la Ley de Transparencia, Acceso a la Informaci\u00f3n P\u00fablica y Buen<\/a> <a href=\"https:\/\/www.vitoria-gasteiz.org\/wb021\/was\/contenidoAction.do?uid=u12aa3e5_1576eff20cf__7e27&amp;idioma=es\">Gobierno<\/a>. <img decoding=\"async\" src=\"https:\/\/www.vitoria-gasteiz.org\/docs\/wb021\/img\/gestor\/98\/85\/gi_9885.gif\" alt=\"pdf\" \/> <a href=\"https:\/\/www.vitoria-gasteiz.org\/we001\/was\/we001Action.do?idioma=es&amp;accionWe001=adjunto&amp;nombre=72311.pdf\">Documentaci\u00f3n<\/a><\/li>\n<li><a href=\"https:\/\/www.vitoria-gasteiz.org\/wb021\/was\/contenidoAction.do?id=&amp;uid=u12aa3e5_1576eff20cf__7e2a&amp;idioma=es&amp;nuevaPag=\">C\u00f3mo afecta la Ley de Protecci\u00f3n de Datos a las entidades ciudadanas<\/a>. <img decoding=\"async\" src=\"https:\/\/www.vitoria-gasteiz.org\/docs\/wb021\/img\/gestor\/98\/85\/gi_9885.gif\" alt=\"pdf\" \/> <a href=\"https:\/\/www.vitoria-gasteiz.org\/we001\/was\/we001Action.do?idioma=es&amp;accionWe001=adjunto&amp;nombre=72068.pdf\">Documentaci\u00f3n<\/a><\/li>\n<li><a href=\"https:\/\/www.vitoria-gasteiz.org\/wb021\/was\/contenidoAction.do?id=&amp;uid=u12aa3e5_1576eff20cf__7e2c&amp;idioma=es&amp;nuevaPag=\">La gesti\u00f3n positiva del conflicto<\/a>. <img decoding=\"async\" src=\"https:\/\/www.vitoria-gasteiz.org\/docs\/wb021\/img\/gestor\/98\/85\/gi_9885.gif\" alt=\"pdf\" \/> <a href=\"https:\/\/www.vitoria-gasteiz.org\/we001\/was\/we001Action.do?idioma=es&amp;accionWe001=adjunto&amp;nombre=72218.pdf\">Documentaci\u00f3n <\/a><\/li>\n<li><a href=\"https:\/\/www.vitoria-gasteiz.org\/wb021\/was\/contenidoAction.do?id=&amp;uid=u12aa3e5_1576eff20cf__7e36&amp;idioma=es&amp;nuevaPag=\">Trabajo colaborativo<\/a>. <img decoding=\"async\" src=\"https:\/\/www.vitoria-gasteiz.org\/docs\/wb021\/img\/gestor\/98\/85\/gi_9885.gif\" alt=\"pdf\" \/> <a href=\"https:\/\/www.vitoria-gasteiz.org\/we001\/was\/we001Action.do?idioma=es&amp;accionWe001=adjunto&amp;nombre=71972.pdf\">Documentaci\u00f3n<\/a><\/li>\n<li><a href=\"https:\/\/www.youtube.com\/watch?v=XolHayQM4eI\" target=\"_blank\" rel=\"external noopener noreferrer\">\u00abTransformar la ciudad desde los presupuestos participativos\u00bb(Se abre en una ventana nueva)<\/a> <a href=\"https:\/\/www.youtube.com\/watch?v=XolHayQM4eI\" target=\"_blank\" rel=\"external noopener noreferrer\"><img decoding=\"async\" src=\"https:\/\/www.vitoria-gasteiz.org\/docs\/wb021\/img\/gestor\/49\/51\/gi_44951.jpg\" alt=\"youtube\" \/>(Se abre en una ventana nueva)<\/a><\/li>\n<li><a href=\"https:\/\/youtu.be\/R7drjrSIbFo\" target=\"_blank\" rel=\"external noopener noreferrer\">\u00abAprender a escuchar\u00bb(Se abre en una ventana nueva)<\/a> <a href=\"https:\/\/youtu.be\/R7drjrSIbFo\" target=\"_blank\" rel=\"external noopener noreferrer\"><img decoding=\"async\" src=\"https:\/\/www.vitoria-gasteiz.org\/docs\/wb021\/img\/gestor\/49\/51\/gi_44951.jpg\" alt=\"youtube\" \/>(Se abre en una ventana nueva)<\/a> Ponente: Enrique Sacanell. <a href=\"https:\/\/www.vitoria-gasteiz.org\/we001\/was\/we001Action.do?idioma=es&amp;accionWe001=adjunto&amp;nombre=71064.pdf\">Documentaci\u00f3n<\/a> <img decoding=\"async\" src=\"https:\/\/www.vitoria-gasteiz.org\/docs\/wb021\/img\/gestor\/98\/85\/gi_9885.gif\" alt=\"icono pdf\" \/><\/li>\n<li>Construyendo la escuela. Din\u00e1mica participativa. <a href=\"https:\/\/www.vitoria-gasteiz.org\/we001\/was\/we001Action.do?idioma=es&amp;accionWe001=adjunto&amp;nombre=70036.pdf\">Consulta el documento resumen de la sesi\u00f3n<\/a> <img decoding=\"async\" src=\"https:\/\/www.vitoria-gasteiz.org\/docs\/wb021\/img\/gestor\/98\/85\/gi_9885.gif\" alt=\"icono pdf\" \/><\/li>\n<li><a href=\"https:\/\/www.youtube.com\/watch?v=nFLESjJ0Mws\" target=\"_blank\" rel=\"external noopener noreferrer\">\u00ab(Se abre en una ventana nueva)<\/a> <a href=\"https:\/\/www.youtube.com\/watch?v=nFLESjJ0Mws\" target=\"_blank\" rel=\"external noopener noreferrer\">La ciudadan\u00eda del siglo XXI(Se abre en una ventana nueva)<\/a> <a href=\"https:\/\/www.youtube.com\/watch?v=nFLESjJ0Mws\" target=\"_blank\" rel=\"external noopener noreferrer\">\u00ab(Se abre en una ventana nueva)<\/a> <a href=\"https:\/\/www.youtube.com\/watch?v=nFLESjJ0Mws\" target=\"_blank\" rel=\"external noopener noreferrer\"><img decoding=\"async\" src=\"https:\/\/www.vitoria-gasteiz.org\/docs\/wb021\/img\/gestor\/49\/51\/gi_44951.jpg\" alt=\"youtube\" \/>(Se abre en una ventana nueva)<\/a> Ponente: Javier S\u00e1daba Garay.<\/li>\n<li><a href=\"https:\/\/www.vitoria-gasteiz.org\/we001\/was\/we001Action.do?idioma=es&amp;accionWe001=adjunto&amp;nombre=69478.pdf\">Programa del curso 2016-17<\/a> <img decoding=\"async\" src=\"https:\/\/www.vitoria-gasteiz.org\/docs\/wb021\/img\/gestor\/98\/85\/gi_9885.gif\" alt=\"pdf\" \/><\/li>\n<li><a href=\"https:\/\/www.vitoria-gasteiz.org\/we001\/was\/we001Action.do?idioma=es&amp;accionWe001=adjunto&amp;nombre=73987.pdf\">Valoraciones del curso 2016-17<\/a> <img decoding=\"async\" src=\"https:\/\/www.vitoria-gasteiz.org\/docs\/wb021\/img\/gestor\/98\/85\/gi_9885.gif\" alt=\"pdf\" \/><\/li>\n<\/ul>\n<p><\/p>","protected":false},"excerpt":{"rendered":"<p>Documentaci\u00f3n y materiales de los eventos organizados por HEI -Escuela [&hellip;]<\/p>\n","protected":false},"author":2,"featured_media":0,"comment_status":"closed","ping_status":"closed","template":"","meta":{"_tribe_events_status":"","_tribe_events_status_reason":"","footnotes":""},"tags":[],"tribe_events_cat":[129],"_links":{"self":[{"href":"https:\/\/hei.eus\/es\/wp-json\/wp\/v2\/tribe_events\/18440"}],"collection":[{"href":"https:\/\/hei.eus\/es\/wp-json\/wp\/v2\/tribe_events"}],"about":[{"href":"https:\/\/hei.eus\/es\/wp-json\/wp\/v2\/types\/tribe_events"}],"author":[{"embeddable":true,"href":"https:\/\/hei.eus\/es\/wp-json\/wp\/v2\/users\/2"}],"replies":[{"embeddable":true,"href":"https:\/\/hei.eus\/es\/wp-json\/wp\/v2\/comments?post=18440"}],"version-history":[{"count":0,"href":"https:\/\/hei.eus\/es\/wp-json\/wp\/v2\/tribe_events\/18440\/revisions"}],"wp:attachment":[{"href":"https:\/\/hei.eus\/es\/wp-json\/wp\/v2\/media?parent=18440"}],"wp:term":[{"taxonomy":"post_tag","embeddable":true,"href":"https:\/\/hei.eus\/es\/wp-json\/wp\/v2\/tags?post=18440"},{"taxonomy":"tribe_events_cat","embeddable":true,"href":"https:\/\/hei.eus\/es\/wp-json\/wp\/v2\/tribe_events_cat?post=18440"}],"curies":[{"name":"wp","href":"https:\/\/api.w.org\/{rel}","templated":true}]}}