{"id":18448,"date":"2019-12-25T07:08:28","date_gmt":"2019-12-25T06:08:28","guid":{"rendered":"https:\/\/hei.eus\/es\/eventos\/dinamica-participativa-y-ahora-que-propuesta-curso-2018-2019\/"},"modified":"2019-12-31T20:53:22","modified_gmt":"2019-12-31T19:53:22","slug":"dinamica-participativa-y-ahora-que-propuesta-curso-2018-2019","status":"publish","type":"tribe_events","link":"https:\/\/hei.eus\/es\/eventos\/dinamica-participativa-y-ahora-que-propuesta-curso-2018-2019\/","title":{"rendered":"Din\u00e1mica participativa \u00bfY ahora qu\u00e9? propuesta curso 2018-2019"},"content":{"rendered":"<p> <!--ODT--> <\/p>\n<p>Curso incluido dentro de <a href=\"https:\/\/www.vitoria-gasteiz.org\/wb021\/was\/contenidoAction.do?uid=u12aa3e5_1576eff20cf__7e8b&amp;alias=&amp;idioma=es\">HEI Escuela Abierta de la Ciudadan\u00eda<\/a><\/p>\n<p><img decoding=\"async\" src=\"https:\/\/www.vitoria-gasteiz.org\/docs\/wb021\/img\/gestor\/83\/43\/gi_48343.jpg\" alt=\"\" \/><\/p>\n<p>En esta din\u00e1mica participativa tendremos la oportunidad de construir juntos\/as c\u00f3mo queremos que sea HEI y qu\u00e9 programa nos gustar\u00eda para el curso 2018\/19. Valoraremos qu\u00e9 vemos importante en HEI, qu\u00e9 formaci\u00f3n, eventos, din\u00e1micas y tem\u00e1ticas deber\u00edamos trabajar. Ser\u00e1 el momento de compartir, colaborar y reflexionar; HEI lo hacemos entre todas y todos, tus ideas y aportaciones son importantes para desarrollar una escuela comprometida con una Vitoria-Gasteiz inclusiva, igualitaria y sostenible.<\/p>\n<p><strong>Fecha<\/strong>: 8 de mayo<\/p>\n<p><strong>Horario<\/strong>: 18:00-20:00<\/p>\n<p><strong>Idioma<\/strong>: castellano<\/p>\n<p><strong>Lugar<\/strong>: Centro C\u00edvico El Campillo (Calle Santa Maria, 4 A)<\/p>\n<p><strong>Dirigido a<\/strong>: ciudadan\u00eda<\/p>\n<p><\/p>\n<div style=\"text-align: center\"><a href=\"https:\/\/www.vitoria-gasteiz.org\/j31-01w\/formularioViewer\/create?lang=es&amp;locale=es&amp;idioma=es&amp;formularioId=226\" class=\"tribe-events-button\">INSCR\u00cdBETE<\/a><\/div>\n<h4>Inscripciones<\/h4>\n<p>Entrada gratuita previa inscripci\u00f3n. La inscripci\u00f3n puede hacerse v\u00eda <a href=\"https:\/\/www.vitoria-gasteiz.org\/j31-01w\/formularioViewer\/create?lang=es&amp;locale=es&amp;idioma=es&amp;formularioId=226\">web<\/a>, llamando al tel\u00e9fono <a href=\"tel:010\" target=\"_blank\" rel=\"external noopener noreferrer\">010<\/a> (<a href=\"tel:+34945161100\" target=\"_blank\" rel=\"external noopener noreferrer\">945 161 100<\/a> si se llama desde fuera del municipio) o de manera presencial en las Oficinas de Atenci\u00f3n Ciudadana<\/p>\n<p>El plazo de inscripci\u00f3n estar\u00e1 abierto a partir del 20 de octubre de 2017. Las plazas de las actividades de la Escuela se adjudican por orden de inscripci\u00f3n.<\/p>\n<p>Si te has inscrito pero finalmente no puedes realizar la actividad, h\u00e1znoslo saber con anterioridad a la fecha del comienzo de la misma, llamando al 945 161687 \/ o en Xehetasunak<\/p>\n<p>Sarrera doan, aurrez izena emanez gero. Izena emateko modu ezberdinak egongo dira zabalik: <a href=\"https:\/\/www.vitoria-gasteiz.org\/j31-01w\/formularioViewer\/create?lang=eu&amp;locale=eu&amp;idioma=eu&amp;formularioId=229\">hemen<\/a> edo <a href=\"tel:010\" target=\"_blank\" rel=\"external noopener noreferrer\">010<\/a> telefonora deituz (edo 945 161 100 zenbakira, hiritik kanpo deituz gero) eta aurrez aurre <a href=\"https:\/\/sedeelectronica.vitoria-gasteiz.org\/j30-01s\/contenidoAction.do?lang=eu&amp;locale=eu&amp;idioma=eu&amp;uid=58a0f2b5_11a90110153__7fec\" title=\"[sede]\">Herritarren Arretarako Bulegoetan<\/a>.<\/p>\n<p>Jardueretarako izena emateko epea 2017ko irailaren 20an irekiko da. Eskolako jardueretarako lekuak izena eman den ordenaren arabera esleituko dira.<\/p>\n<p>Izena eman baduzu, baina azkenean ezin baduzu jardueran parte hartu, jakinarazi iezaguzu hura hasi baino lehen, 945 161687 telefono-zenbakira deituta edo <a href=\"mailto:heieskola@vitoria-gasteiz.org\" target=\"_blank\" rel=\"external noopener noreferrer\">heieskola@vitoria-gasteiz.org<\/a> bidez. Baja emanez gero, beste pertsona batek bete ahal izango du zuk libre utzitako lekua.<\/p>\n<p>Izen-emateen gutxieneko kopurura iristen ez diren jarduerak bertan behera gera daitezke.. La baja en la actividad generar\u00e1 la posibilidad de que otra persona pueda inscribirse en la plaza que dejas libre.<\/p>\n<p>Las actividades que no alcancen un n\u00famero m\u00ednimo de inscripciones podr\u00e1n ser suspendidas.<\/p>\n<p><\/p>","protected":false},"excerpt":{"rendered":"<p>Curso incluido dentro de HEI Escuela Abierta de la Ciudadan\u00eda [&hellip;]<\/p>\n","protected":false},"author":2,"featured_media":0,"comment_status":"closed","ping_status":"closed","template":"","meta":{"_tribe_events_status":"","_tribe_events_status_reason":"","footnotes":""},"tags":[],"tribe_events_cat":[129],"_links":{"self":[{"href":"https:\/\/hei.eus\/es\/wp-json\/wp\/v2\/tribe_events\/18448"}],"collection":[{"href":"https:\/\/hei.eus\/es\/wp-json\/wp\/v2\/tribe_events"}],"about":[{"href":"https:\/\/hei.eus\/es\/wp-json\/wp\/v2\/types\/tribe_events"}],"author":[{"embeddable":true,"href":"https:\/\/hei.eus\/es\/wp-json\/wp\/v2\/users\/2"}],"replies":[{"embeddable":true,"href":"https:\/\/hei.eus\/es\/wp-json\/wp\/v2\/comments?post=18448"}],"version-history":[{"count":0,"href":"https:\/\/hei.eus\/es\/wp-json\/wp\/v2\/tribe_events\/18448\/revisions"}],"wp:attachment":[{"href":"https:\/\/hei.eus\/es\/wp-json\/wp\/v2\/media?parent=18448"}],"wp:term":[{"taxonomy":"post_tag","embeddable":true,"href":"https:\/\/hei.eus\/es\/wp-json\/wp\/v2\/tags?post=18448"},{"taxonomy":"tribe_events_cat","embeddable":true,"href":"https:\/\/hei.eus\/es\/wp-json\/wp\/v2\/tribe_events_cat?post=18448"}],"curies":[{"name":"wp","href":"https:\/\/api.w.org\/{rel}","templated":true}]}}