{"id":18455,"date":"2019-12-25T07:08:43","date_gmt":"2019-12-25T06:08:43","guid":{"rendered":"https:\/\/hei.eus\/es\/eventos\/conferencia-humor-y-emociones\/"},"modified":"2019-12-31T20:53:30","modified_gmt":"2019-12-31T19:53:30","slug":"conferencia-humor-y-emociones","status":"publish","type":"tribe_events","link":"https:\/\/hei.eus\/es\/eventos\/conferencia-humor-y-emociones\/","title":{"rendered":"Conferencia: Humor y emociones"},"content":{"rendered":"<p> <!--ODT--> <\/p>\n<p>Curso incluido dentro de <a href=\"https:\/\/www.vitoria-gasteiz.org\/wb021\/was\/contenidoAction.do?uid=u12aa3e5_1576eff20cf__7e8b&amp;alias=&amp;idioma=es\">HEI Escuela Abierta de la Ciudadan\u00eda<\/a><\/p>\n<p><strong>Fecha<\/strong>: 8 de noviembre<\/p>\n<p><strong>Horario<\/strong>: 19:00 \u2013 21:00<\/p>\n<p><strong>Idioma<\/strong>: castellano<\/p>\n<p><strong>Lugar<\/strong>: centro c\u00edvico Aldabe<\/p>\n<p>Entrada con invitaci\u00f3n. Se podr\u00e1n recoger a partir del 2 de noviembre en centros c\u00edvicos e instalaciones deportivas<\/p>\n<p><img decoding=\"async\" src=\"https:\/\/www.vitoria-gasteiz.org\/docs\/wb021\/img\/gestor\/42\/65\/gi_54265.png\" alt=\"\" \/><\/p>\n<p>El sentido del humor es esa (pre)disposici\u00f3n del \u00e1nimo, que puede sernos curativa, restauradora. Una forma vital de descargarnos de las presiones y expectativas cotidianas. El sentido del humor nos ayuda a relativizar, porque puede permitirnos ver las cosas con franqueza, reconociendo lo poco que sabemos y qu\u00e9 lejos estamos a\u00fan de la perfecci\u00f3n. Dentro de un marco de reeducaci\u00f3n emocional, el sentido del humor constituye tanto una estrategia de resiliencia como una magn\u00edfi ca herramienta de empoderamiento personal.<\/p>\n<p><strong>Virginia Imaz Quijera<\/strong><\/p>\n<p>Payasa profesional, fundadora del grupo de teatro Oihulari Klown. Actualmente Virginia imparte formaci\u00f3n de clown, teatro, cuentacuentos y es conocida por sus \u2018clownclusiones\u2019. En 2017 Emakunde le ha otorgado el premio Emakunde a la Igualdad por su trayectoria y conciencia feminista.<\/p>\n<h4>Detalles<\/h4>\n<p>Entrada con invitaci\u00f3n. Se podr\u00e1n recoger a partir del 2 de noviembre en los centros c\u00edvicos.<\/p>\n<p>Se podr\u00e1 solicitar servicio de guarder\u00eda e int\u00e9rprete de lenguaje de signos, con 5 d\u00edas de antelaci\u00f3n a trav\u00e9s del correo electr\u00f3nico heieskola@vitoria-gasteiz.org o en el tel\u00e9fono 945161687.<\/p>\n<p><\/p>","protected":false},"excerpt":{"rendered":"<p>Curso incluido dentro de HEI Escuela Abierta de la Ciudadan\u00eda [&hellip;]<\/p>\n","protected":false},"author":2,"featured_media":0,"comment_status":"closed","ping_status":"closed","template":"","meta":{"_tribe_events_status":"","_tribe_events_status_reason":"","footnotes":""},"tags":[],"tribe_events_cat":[129],"_links":{"self":[{"href":"https:\/\/hei.eus\/es\/wp-json\/wp\/v2\/tribe_events\/18455"}],"collection":[{"href":"https:\/\/hei.eus\/es\/wp-json\/wp\/v2\/tribe_events"}],"about":[{"href":"https:\/\/hei.eus\/es\/wp-json\/wp\/v2\/types\/tribe_events"}],"author":[{"embeddable":true,"href":"https:\/\/hei.eus\/es\/wp-json\/wp\/v2\/users\/2"}],"replies":[{"embeddable":true,"href":"https:\/\/hei.eus\/es\/wp-json\/wp\/v2\/comments?post=18455"}],"version-history":[{"count":0,"href":"https:\/\/hei.eus\/es\/wp-json\/wp\/v2\/tribe_events\/18455\/revisions"}],"wp:attachment":[{"href":"https:\/\/hei.eus\/es\/wp-json\/wp\/v2\/media?parent=18455"}],"wp:term":[{"taxonomy":"post_tag","embeddable":true,"href":"https:\/\/hei.eus\/es\/wp-json\/wp\/v2\/tags?post=18455"},{"taxonomy":"tribe_events_cat","embeddable":true,"href":"https:\/\/hei.eus\/es\/wp-json\/wp\/v2\/tribe_events_cat?post=18455"}],"curies":[{"name":"wp","href":"https:\/\/api.w.org\/{rel}","templated":true}]}}