{"id":18494,"date":"2019-12-25T07:09:58","date_gmt":"2019-12-25T06:09:58","guid":{"rendered":"https:\/\/hei.eus\/es\/eventos\/hei-webinar-conoce-el-laboratorio-de-innovacion-democratica-del-gobierno-de-aragon\/"},"modified":"2020-09-30T12:27:09","modified_gmt":"2020-09-30T10:27:09","slug":"hei-webinar-conoce-el-laboratorio-de-innovacion-democratica-del-gobierno-de-aragon","status":"publish","type":"tribe_events","link":"https:\/\/hei.eus\/es\/eventos\/hei-webinar-conoce-el-laboratorio-de-innovacion-democratica-del-gobierno-de-aragon\/","title":{"rendered":"HEI Webinar. Conoce el laboratorio de Innovaci\u00f3n democr\u00e1tica del Gobierno de Arag\u00f3n"},"content":{"rendered":"<p><!--ODT--><\/p>\n<p>Curso incluido dentro de <a href=\"http:\/\/www.vitoria-gasteiz.org\/we001\/was\/we001Action.do?idioma=es&amp;aplicacion=wb021&amp;tabla=contenido&amp;uid=u12aa3e5_1576eff20cf__7e8b&amp;alias\">HEI Escuela Abierta de la Ciudadan&#237;a<\/a><\/p>\n<p><a href=\"https:\/\/www.youtube.com\/watch?v=-akmeookQMo\" target=\"_blank\" rel=\"external noopener noreferrer\">https:\/\/www.youtube.com\/watch?v=-akmeookQMo(Se abre en una ventana nueva)<\/a><\/p>\n<h4>Datos del webinar<\/h4>\n<p><img decoding=\"async\" src=\"https:\/\/www.vitoria-gasteiz.org\/docs\/wb021\/img\/gestor\/01\/37\/gi_60137.png\" alt=\"fotograf&#237;a de Ra&#250;l Oliv&#225;n\" class=\"pull-right\" \/> Imparte:<strong> <\/strong>Ra&#250;l Oliv&#225;n, Director general de Participaci&#243;n Ciudadana, Transparencia, Cooperaci&#243;n y Voluntariado en el Gobierno de Arag&#243;n.<\/p>\n<p>En esta webinar conoceremos el proyecto del Gobierno de Arag&#243;n <a href=\"http:\/\/www.laaab.es\/2018\/04\/nace-el-laaab-un-laboratorio-para-la-democracia\/\" target=\"_blank\" rel=\"external noopener noreferrer\">LAAAB(Se abre en una ventana nueva)<\/a>, un laboratorio de innovaci&#243;n democr&#225;tica para el <strong>dise&#241;o colaborativo de pol&#237;ticas p&#250;blicas<\/strong>.<\/p>\n<p>Existen <strong>dos modalidades <\/strong>para seguir esta actividad.<\/p>\n<ul>\n<li><strong>Virtual<\/strong>: podr&#225;s seguirla a trav&#233;s de tu ordenador , tablet o m&#243;vil (una vez inscrito\/a te enviaremos a tu correo la direcci&#243;n en la que podr&#225;s seguirla.<\/li>\n<li><strong>Presencial:<\/strong> habilitaremos una sala en el Palacio de Monte Hermoso.<\/li>\n<\/ul>\n<p><\/p>\n<div style=\"text-align: center\"><a href=\"https:\/\/www.vitoria-gasteiz.org\/j31-01w\/formularioViewer\/create?formularioId=328\" class=\"tribe-events-button\">INSCR\u00cdBETE<\/a><\/div>\n<h4>Inscripciones<\/h4>\n<p>Entrada gratuita previa inscripci&#243;n. La inscripci&#243;n puede hacerse v&#237;a <a href=\"https:\/\/www.vitoria-gasteiz.org\/j31-01w\/formularioViewer\/create?formularioId=328\">web<\/a>, llamando al tel&#233;fono <a href=\"tel:010\" target=\"_blank\" rel=\"external noopener noreferrer\">010<\/a> (<a href=\"tel:+34945161100\" target=\"_blank\" rel=\"external noopener noreferrer\">945 161 100<\/a> si se llama desde fuera del municipio) o de manera presencial en las Oficinas de Atenci&#243;n Ciudadana.<\/p>\n<p>El plazo de inscripci&#243;n estar&#225; abierto a partir del 1 de octubre de 2019. Las plazas de las actividades de la Escuela se adjudican por orden de inscripci&#243;n.<\/p>\n<p>Si te has inscrito pero finalmente no puedes realizar la actividad, h&#225;znoslo saber con anterioridad a la fecha del comienzo de la misma, llamando al 945 161687 \/ o en <a href=\"mailto:heieskola@vitoria-gasteiz.org\" target=\"_blank\" rel=\"external noopener noreferrer\">heieskola@vitoria-gasteiz.org<\/a>. La baja en la actividad generar&#225; la posibilidad de que otra persona pueda inscribirse en la plaza que dejas libre.<\/p>\n<p>Se podr&#225; solicitar ludoteca para txikis, int&#233;rprete de lengua de signos o atenci&#243;n domiciliaria a personas dependientes, con 5 d&#237;as de antelaci&#243;n a trav&#233;s del correo electr&#243;nico <a href=\"mailto:heieskola@vitoriagasteiz\" target=\"_blank\" rel=\"external noopener noreferrer\">heieskola@vitoriagasteiz.org<\/a> o en el tel&#233;fono 945 16 16 87.<\/p>\n<p>Las actividades que no alcancen un n&#250;mero m&#237;nimo de inscripciones podr&#225;n ser suspendidas.<\/p>\n<p><\/p>","protected":false},"excerpt":{"rendered":"<p>Curso incluido dentro de HEI Escuela Abierta de la Ciudadan&#237;a [&hellip;]<\/p>\n","protected":false},"author":3,"featured_media":0,"comment_status":"closed","ping_status":"closed","template":"","meta":{"_tribe_events_status":"","_tribe_events_status_reason":"","footnotes":""},"tags":[],"tribe_events_cat":[129],"_links":{"self":[{"href":"https:\/\/hei.eus\/es\/wp-json\/wp\/v2\/tribe_events\/18494"}],"collection":[{"href":"https:\/\/hei.eus\/es\/wp-json\/wp\/v2\/tribe_events"}],"about":[{"href":"https:\/\/hei.eus\/es\/wp-json\/wp\/v2\/types\/tribe_events"}],"author":[{"embeddable":true,"href":"https:\/\/hei.eus\/es\/wp-json\/wp\/v2\/users\/3"}],"replies":[{"embeddable":true,"href":"https:\/\/hei.eus\/es\/wp-json\/wp\/v2\/comments?post=18494"}],"version-history":[{"count":0,"href":"https:\/\/hei.eus\/es\/wp-json\/wp\/v2\/tribe_events\/18494\/revisions"}],"wp:attachment":[{"href":"https:\/\/hei.eus\/es\/wp-json\/wp\/v2\/media?parent=18494"}],"wp:term":[{"taxonomy":"post_tag","embeddable":true,"href":"https:\/\/hei.eus\/es\/wp-json\/wp\/v2\/tags?post=18494"},{"taxonomy":"tribe_events_cat","embeddable":true,"href":"https:\/\/hei.eus\/es\/wp-json\/wp\/v2\/tribe_events_cat?post=18494"}],"curies":[{"name":"wp","href":"https:\/\/api.w.org\/{rel}","templated":true}]}}