{"id":284071,"date":"2020-09-02T07:56:28","date_gmt":"2020-09-02T05:56:28","guid":{"rendered":"https:\/\/hei.eus\/es\/eventos\/creatividad-soluciones-creativas-curso-completo-puedes-inscribirte-y-pasaras-a-formar-parte-de-la-lista-de-espera\/"},"modified":"2020-09-30T12:26:26","modified_gmt":"2020-09-30T10:26:26","slug":"creatividad-soluciones-creativas-curso-completo-puedes-inscribirte-y-pasaras-a-formar-parte-de-la-lista-de-espera","status":"publish","type":"tribe_events","link":"https:\/\/hei.eus\/es\/eventos\/creatividad-soluciones-creativas-curso-completo-puedes-inscribirte-y-pasaras-a-formar-parte-de-la-lista-de-espera\/","title":{"rendered":"Creatividad: soluciones creativas. (Curso completo. Puedes inscribirte y pasar\u00e1s a formar parte de la lista de espera)"},"content":{"rendered":"<p> <!--ODT--> <\/p>\n<p>Curso incluido dentro de <a href=\"https:\/\/www.vitoria-gasteiz.org\/wb021\/was\/contenidoAction.do?uid=u12aa3e5_1576eff20cf__7e8b&amp;alias=&amp;idioma=es\">HEI Escuela Abierta de la Ciudadan\u00eda<\/a><\/p>\n<p><strong><img decoding=\"async\" src=\"https:\/\/www.vitoria-gasteiz.org\/docs\/wb021\/img\/gestor\/42\/75\/gi_54275.jpg\" alt=\"\" \/><\/strong><\/p>\n<p><strong>Fecha<\/strong>: 12 y 14 de marzo<\/p>\n<p><strong>Horario<\/strong>: 15:30 \u2013 19:30 (8 horas en 2 sesiones de 4 horas)<\/p>\n<p><strong>Idioma<\/strong>: castellano<\/p>\n<p><strong>Lugar<\/strong>: Centro c\u00edvico El Campillo<\/p>\n<p><strong>Dirigido a<\/strong>: ciudadan\u00eda, personal t\u00e9cnico municipal y representantes pol\u00edticos.<\/p>\n<p>Hoy en d\u00eda se concibe los procesos de resoluci\u00f3n de problemas como procesos en los cu\u00e1les se quiere mejorar o transformar una situaci\u00f3n. Para ello, se hace necesario generar ideas creativas, seleccionar, testar e implementar estas ideas, desde la creatividad -la creatividad es una habilidad del ser humano vinculada a su propia naturaleza-, y m\u00e1s concretamente desde el desarrollo del pensamiento creativo, como una de las competencias m\u00e1s adecuadas para ello.<\/p>\n<p>Mejorar y transformar situaciones de forma creativa es una fase del Proceso de Innovaci\u00f3n necesario en cualquier organizaci\u00f3n. Se pretende en el Taller, comprender los procesos de innovaci\u00f3n como un modelo progresivo para hacer evolucionar las ideas, en el cual la creatividad y el desarrollo del pensamiento creativo resultan clave.<\/p>\n<h4>Objetivo:<\/h4>\n<ul>\n<li>Entender las creatividad como una Fase dentro de los Procesos de innovaci\u00f3n o transformaciones de situaciones.<\/li>\n<li>Aprender a generar ideas nuevas y diferentes para: resolver problemas, hacer realidad proyectos, cambiar procesos,&#8230;<\/li>\n<li>Entrenar y desarrollar el pensamiento creativo aplicado a una situaci\u00f3n a resolver, mediante t\u00e9cnicas, herramientas y actitudes adecuadas.<\/li>\n<li>Conocer pautas clave para liderar cambios hacia una cultura creativa.<\/li>\n<\/ul>\n<h4>Programa<\/h4>\n<ol>\n<li>Creatividad en los Procesos de Innovaci\u00f3n: De filtrar ideas a evolucionar ideas.<\/li>\n<li>Desarrollo del Pensamiento creativo:<\/li>\n<\/ol>\n<p>Descubrir nuestra habilidad creativa y los frenos que la limitan.<\/p>\n<p>Distinci\u00f3n: pensamiento convergente y pensamiento divergente<\/p>\n<p>Metodolog\u00edas creativas<\/p>\n<p>Los equipos creativos<\/p>\n<p>Recursos personales para tu propia creatividad<\/p>\n<ol>\n<li>L\u00edderes de una cultura creativa:<\/li>\n<\/ol>\n<ol>\n<p>Calidad de un l\u00edder de transformaci\u00f3n-innovaci\u00f3n creativa<\/p>\n<\/ol>\n<p>Fomentar la creatividad en los equipos<\/p>\n<h4>Metodolog\u00eda:<\/h4>\n<p>Se trabajar\u00e1 con casos y problemas reales y\/o simulados sobre los que aplicar las diferentes t\u00e9cnicas creativas y procesos de innovaci\u00f3n. Se realizaran simulaciones y rol play para que los participantes trabajen el rol como facilitador y dinamizador de grupos en los que se fomenta la creatividad.<\/p>\n<p><\/p>\n<div style=\"text-align: center\"><a href=\"https:\/\/www.vitoria-gasteiz.org\/j31-01w\/formularioViewer\/create?formularioId=271\" class=\"tribe-events-button\">INSCR\u00cdBETE<\/a><\/div>\n<h4>Inscripciones<\/h4>\n<p>Entrada gratuita previa inscripci\u00f3n. La inscripci\u00f3n puede hacerse v\u00eda <a href=\"https:\/\/www.vitoria-gasteiz.org\/j31-01w\/formularioViewer\/create?formularioId=271\">web<\/a>, llamando al tel\u00e9fono <a href=\"tel:010\" target=\"_blank\" rel=\"external noopener noreferrer\">010<\/a> (<a href=\"tel:+34945161100\" target=\"_blank\" rel=\"external noopener noreferrer\">945 161 100<\/a> si se llama desde fuera del municipio) o de manera presencial en las Oficinas de Atenci\u00f3n Ciudadana<\/p>\n<p>El plazo de inscripci\u00f3n estar\u00e1 abierto a partir del 2 de octubre de 2018 Las plazas de las actividades de la Escuela se adjudican por orden de inscripci\u00f3n.<\/p>\n<p>Si te has inscrito pero finalmente no puedes realizar la actividad, h\u00e1znoslo saber con anterioridad a la fecha del comienzo de la misma, llamando al 945 161687 \/ o en heieskola@vitoria-gasteiz.org. La baja en la actividad generar\u00e1 la posibilidad de que otra persona pueda inscribirse en la plaza que dejas libre.<\/p>\n<p>Se podr\u00e1 solicitar servicio de guarder\u00eda e int\u00e9rprete de lengua de signos, con 5 d\u00edas de antelaci\u00f3n a trav\u00e9s del correo electr\u00f3nico <a href=\"mailto:heieskola@vitoriagasteiz\" target=\"_blank\" rel=\"external noopener noreferrer\">heieskola@vitoriagasteiz.org<\/a> o en el tel\u00e9fono 945 16 16 87.<\/p>\n<p>Las actividades que no alcancen un n\u00famero m\u00ednimo de inscripciones podr\u00e1n ser suspendidas.<\/p>\n<p><\/p>","protected":false},"excerpt":{"rendered":"<p>Curso incluido dentro de HEI Escuela Abierta de la Ciudadan\u00eda [&hellip;]<\/p>\n","protected":false},"author":3,"featured_media":0,"comment_status":"closed","ping_status":"closed","template":"","meta":{"_tribe_events_status":"","_tribe_events_status_reason":"","footnotes":""},"tags":[],"tribe_events_cat":[129],"_links":{"self":[{"href":"https:\/\/hei.eus\/es\/wp-json\/wp\/v2\/tribe_events\/284071"}],"collection":[{"href":"https:\/\/hei.eus\/es\/wp-json\/wp\/v2\/tribe_events"}],"about":[{"href":"https:\/\/hei.eus\/es\/wp-json\/wp\/v2\/types\/tribe_events"}],"author":[{"embeddable":true,"href":"https:\/\/hei.eus\/es\/wp-json\/wp\/v2\/users\/3"}],"replies":[{"embeddable":true,"href":"https:\/\/hei.eus\/es\/wp-json\/wp\/v2\/comments?post=284071"}],"version-history":[{"count":0,"href":"https:\/\/hei.eus\/es\/wp-json\/wp\/v2\/tribe_events\/284071\/revisions"}],"wp:attachment":[{"href":"https:\/\/hei.eus\/es\/wp-json\/wp\/v2\/media?parent=284071"}],"wp:term":[{"taxonomy":"post_tag","embeddable":true,"href":"https:\/\/hei.eus\/es\/wp-json\/wp\/v2\/tags?post=284071"},{"taxonomy":"tribe_events_cat","embeddable":true,"href":"https:\/\/hei.eus\/es\/wp-json\/wp\/v2\/tribe_events_cat?post=284071"}],"curies":[{"name":"wp","href":"https:\/\/api.w.org\/{rel}","templated":true}]}}