{"id":533779,"date":"2024-05-20T15:40:50","date_gmt":"2024-05-20T13:40:50","guid":{"rendered":"https:\/\/hei.eus\/es\/eventos\/hei-eventos-ane-larrinaga-gazteen-deskonexio-politikoa-eta-intentsitate-txikiko-herritartasunak-matxinada-isila\/"},"modified":"2024-06-01T01:38:00","modified_gmt":"2024-05-31T23:38:00","slug":"hei-eventos-ane-larrinaga-gazteen-deskonexio-politikoa-eta-intentsitate-txikiko-herritartasunak-matxinada-isila","status":"publish","type":"tribe_events","link":"https:\/\/hei.eus\/es\/eventos\/hei-eventos-ane-larrinaga-gazteen-deskonexio-politikoa-eta-intentsitate-txikiko-herritartasunak-matxinada-isila\/","title":{"rendered":"HEI EVENTOS: Ane Larrinaga. Gazteen deskonexio politikoa eta intentsitate txikiko herritartasunak. Matxinada isila?"},"content":{"rendered":"<p><!--IndexOFF-->{\u00ab@context\u00bb: \u00abhttp:\/\/schema.org\u00bb,\u00bb@type\u00bb: \u00abEvent\u00bb,\u00bbname\u00bb: \u00abHEI EVENTOS: Ane Larrinaga. Gazteen deskonexio politikoa eta intentsitate txikiko herritartasunak. Matxinada isila? \u00ab,\u00bbstartDate\u00bb: \u00ab##MicrodataFechaDesde##\u00bb,\u00bbendDate\u00bb: \u00ab##MicrodataFechaHasta##\u00bb,\u00bbeventAttendanceMode\u00bb: \u00abhttps:\/\/schema.org\/OfflineEventAttendanceMode\u00bb,\u00bblocation\u00bb: {\u00ab@type\u00bb: \u00abPlace\u00bb,\u00bbname\u00bb: \u00abCentro C&#237;vico El Campillo\u00bb,\u00bbaddress\u00bb: {\u00ab@type\u00bb: \u00abPostalAddress\u00bb,\u00bbstreetAddress\u00bb: \u00abSanta Mar&#237;a, 4&#8243;,\u00bbaddressLocality\u00bb: \u00abVitoria-Gasteiz\u00bb,\u00bbaddressCountry\u00bb: \u00abES\u00bb}},\u00bbimage\u00bb: \u00abhttps:\/\/www.vitoria-gasteiz.org\/docs\/wb021\/img\/gestor\/18\/34\/gi_81834.jpg\u00bb,\u00bbdescription\u00bb: \u00abEn la actualidad diversos estudios cuantitativos realizados en los territorios de Occidente han mostrado que un alto porcentaje de j&#243;venes manifiestan desconexi&#243;n pol&#237;tica a diferentes niveles. Esta falta de conexi&#243;n se ha expresado de diferentes maneras: unas veces se ha hablado de falta de inter&#233;s pol&#237;tico, otras de desafecci&#243;n y de falta de adhesi&#243;n. Por otra parte, tambi&#233;n en la representaci&#243;n com&#250;n de la juventud que se ha extendido por la sociedad, la juventud actual se ha identificado a menudo con la indiferencia pol&#237;tica, la pasividad e incluso el ego&#237;smo. Teniendo en cuenta este punto de partida, el objetivo de la sesi&#243;n formativa es, por un lado, clarificar el contexto socio-pol&#237;tico en el que viven los j&#243;venes de hoy en d&#237;a y, por otro, profundizar en la compleja realidad social que subyace a las citadas im&#225;genes.<br \/>\nAne Larrinaga Renteria es doctora en Sociolog&#237;a y Ciencias Pol&#237;ticas y miembro del grupo de investigaci&#243;n Parte Hartuz. En los &#250;ltimos a&#241;os ha impartido las asignaturas de Sociolog&#237;a Pol&#237;tica y Sociolog&#237;a de la Educaci&#243;n en el Grado en Sociolog&#237;a de la UPV-EHU y ha participado en varios m&#225;steres de dicha universidad. Sus l&#237;neas de investigaci&#243;n son la lengua y la educaci&#243;n, el g&#233;nero y la participaci&#243;n pol&#237;tica, y los movimientos sociales. Todas estas cuestiones las ha desarrollado en diversas investigaciones sociol&#243;gicas sobre la sociedad vasca, sobre las que ha escrito varios libros y art&#237;culos cient&#237;ficos. Sus &#250;ltimos trabajos, publicados tanto en solitario como en grupo, analizan la participaci&#243;n pol&#237;tica de los j&#243;venes de Hego Euskal Herria.<br \/>\nModera: Ainara Villa&#241;o, polit&#243;loga y analista de datos en Silv&#225;n&amp;amp;Miracle\u00bb,\u00bbeventStatus\u00bb: \u00abEventScheduled\u00bb,\u00bbinLanguage\u00bb: \u00abeu\u00bb}<!--IndexON--><\/p>\n<div class=\"card-header\">\n<div class=\"card-header__imagen\">\n<figure><img decoding=\"async\" src=\"https:\/\/www.vitoria-gasteiz.org\/docs\/wb021\/img\/gestor\/18\/34\/gi_81834.jpg\" alt=\"Ane Larrinaga. Gazteen deskonexio politikoa eta intentsitate txikiko herritartasunak\"><\/figure>\n<\/div>\n<div class=\"card-header__content\">\n<ul class=\"card-event__info-list\">\n<li class=\"card-event__info card-event__info-calendar\">\n\t\t      14\/05\/2024\n\t\t    <\/li>\n<li class=\"card-event__info card-event__info-time\">\n\t\t      18:00 &#8211; 20:00\n\t\t    <\/li>\n<li class=\"card-event__info card-event__info-location\">\n\t\t      Centro C\u00edvico El Campillo. Sala polivalente 1\n\t\t    <\/li>\n<li class=\"card-event__info card-event__info-public\">\n\t\t      Todos los p\u00fablicos\n\t\t    <\/li>\n<li class=\"card-event__info card-event__info-lang\">\n\t\t      Euskera\n\t\t    <\/li>\n<\/ul><\/div>\n<\/div>\n<div>\n<p>En la actualidad diversos estudios cuantitativos realizados en los territorios de Occidente han mostrado que un alto porcentaje de j\u00f3venes manifiestan desconexi\u00f3n pol\u00edtica a diferentes niveles. Esta falta de conexi\u00f3n se ha expresado de diferentes maneras: unas veces se ha hablado de falta de inter\u00e9s pol\u00edtico, otras de desafecci\u00f3n y de falta de adhesi\u00f3n. Por otra parte, tambi\u00e9n en la representaci\u00f3n com\u00fan de la juventud que se ha extendido por la sociedad, la juventud actual se ha identificado a menudo con la indiferencia pol\u00edtica, la pasividad e incluso el ego\u00edsmo. Teniendo en cuenta este punto de partida, el objetivo de la sesi\u00f3n formativa es, por un lado, clarificar el contexto socio-pol\u00edtico en el que viven los j\u00f3venes de hoy en d\u00eda y, por otro, profundizar en la compleja realidad social que subyace a las citadas im\u00e1genes.<\/p>\n<p><strong>Ane Larrinaga Renteria<\/strong> es doctora en Sociolog\u00eda y Ciencias Pol\u00edticas y miembro del grupo de investigaci\u00f3n Parte Hartuz. En los \u00faltimos a\u00f1os ha impartido las asignaturas de Sociolog\u00eda Pol\u00edtica y Sociolog\u00eda de la Educaci\u00f3n en el Grado en Sociolog\u00eda de la UPV-EHU y ha participado en varios m\u00e1steres de dicha universidad. Sus l\u00edneas de investigaci\u00f3n son la lengua y la educaci\u00f3n, el g\u00e9nero y la participaci\u00f3n pol\u00edtica, y los movimientos sociales. Todas estas cuestiones las ha desarrollado en diversas investigaciones sociol\u00f3gicas sobre la sociedad vasca, sobre las que ha escrito varios libros y art\u00edculos cient\u00edficos. Sus \u00faltimos trabajos, publicados tanto en solitario como en grupo, analizan la participaci\u00f3n pol\u00edtica de los j\u00f3venes de Hego Euskal Herria.<\/p>\n<p>Modera: <strong>Ainara Villa\u00f1o<\/strong>, polit\u00f3loga y analista de datos en Silv\u00e1n&amp;Miracle<\/p>\n<\/div>\n<section id=\"apartadoEntrada\" class=\"\">\n<header>\n<h2>Acceso<\/h2>\n<\/header>\n<div>\n      <a class=\"boton\" href=\"https:\/\/www.vitoria-gasteiz.org\/j31-01w\/formularioViewer\/index?lang=es&amp;locale=es&amp;idioma=es&amp;formularioId=826\" title=\"\">Inscripci\u00f3n<\/a><\/p>\n<dl>\n<dt>Fechas de inscripci\u00f3n<\/dt>\n<dd>Desde el 20\/03\/2024 08:00 hasta el 14\/05\/2024 14:00<\/dd>\n<\/dl>\n<p>&#8230;o hasta cubrir las plazas.<\/p>\n<\/p><\/div>\n<\/section>\n<section>\n<header>\n<h2>M\u00e1s informaci\u00f3n<\/h2>\n<\/header>\n<div>\n<div>\n<p><strong>Te has apuntado y no puedes asistir:<\/strong><\/p>\n<ul>\n<li>Ll\u00e1manos al tel\u00e9fono: 945 161 687<\/li>\n<li>Escribe al correo <a href=\"mailto:heieskola@vitoria-gasteiz.org\" target=\"_blank\" rel=\"external noopener noreferrer\">heieskola@vitoria-gasteiz.org<\/a><\/li>\n<\/ul>\n<p>De esta manera podr\u00e1n asistir otras personas.<\/p>\n<p>La actividad puede quedar suspendida si no se apuntan suficientes personas.<\/p>\n<p>Actividad incluida dentro de <a href=\"http:\/\/www.vitoria-gasteiz.org\/we001\/was\/we001Action.do?idioma=es&amp;aplicacion=wb021&amp;tabla=contenido&amp;uid=u12aa3e5_1576eff20cf__7e8b&amp;alias\">HEI Escuela Abierta de la Ciudadan\u00eda<\/a>.<\/p>\n<\/div><\/div>\n<\/section>\n<section id=\"apartadoMapa\">\n<header>\n<h2 class=\"oculto\">D\u00f3nde<\/h2>\n<\/header>\n<div>\n<div><\/div>\n<\/p><\/div>\n<\/section>\n<p>\t<!--ODT:start--><!--ODT:end--><br \/>\n<\/p>\n<div style=\"text-align: center\"><a href=\"https:\/\/www.vitoria-gasteiz.org\/j31-01w\/formularioViewer\/index?lang=es&amp;locale=es&amp;idioma=es&amp;formularioId=826\" class=\"tribe-events-button\">INSCR\u00cdBETE<\/a><\/div>\n<p><\/p>","protected":false},"excerpt":{"rendered":"<p>{\u00ab@context\u00bb: \u00abhttp:\/\/schema.org\u00bb,\u00bb@type\u00bb: \u00abEvent\u00bb,\u00bbname\u00bb: \u00abHEI EVENTOS: Ane Larrinaga. Gazteen deskonexio politikoa [&hellip;]<\/p>\n","protected":false},"author":3,"featured_media":0,"comment_status":"closed","ping_status":"closed","template":"","meta":{"_tribe_events_status":"","_tribe_events_status_reason":"","footnotes":""},"tags":[],"tribe_events_cat":[129],"_links":{"self":[{"href":"https:\/\/hei.eus\/es\/wp-json\/wp\/v2\/tribe_events\/533779"}],"collection":[{"href":"https:\/\/hei.eus\/es\/wp-json\/wp\/v2\/tribe_events"}],"about":[{"href":"https:\/\/hei.eus\/es\/wp-json\/wp\/v2\/types\/tribe_events"}],"author":[{"embeddable":true,"href":"https:\/\/hei.eus\/es\/wp-json\/wp\/v2\/users\/3"}],"replies":[{"embeddable":true,"href":"https:\/\/hei.eus\/es\/wp-json\/wp\/v2\/comments?post=533779"}],"version-history":[{"count":0,"href":"https:\/\/hei.eus\/es\/wp-json\/wp\/v2\/tribe_events\/533779\/revisions"}],"wp:attachment":[{"href":"https:\/\/hei.eus\/es\/wp-json\/wp\/v2\/media?parent=533779"}],"wp:term":[{"taxonomy":"post_tag","embeddable":true,"href":"https:\/\/hei.eus\/es\/wp-json\/wp\/v2\/tags?post=533779"},{"taxonomy":"tribe_events_cat","embeddable":true,"href":"https:\/\/hei.eus\/es\/wp-json\/wp\/v2\/tribe_events_cat?post=533779"}],"curies":[{"name":"wp","href":"https:\/\/api.w.org\/{rel}","templated":true}]}}