{"id":533786,"date":"2024-05-20T15:42:13","date_gmt":"2024-05-20T13:42:13","guid":{"rendered":"https:\/\/hei.eus\/es\/eventos\/hei-eventos-pepe-esquinas-del-ecocidio-a-la-esperanza-la-respuesta-la-tiene-la-participacion-ciudadana\/"},"modified":"2024-07-01T01:37:46","modified_gmt":"2024-06-30T23:37:46","slug":"hei-eventos-pepe-esquinas-del-ecocidio-a-la-esperanza-la-respuesta-la-tiene-la-participacion-ciudadana","status":"publish","type":"tribe_events","link":"https:\/\/hei.eus\/es\/eventos\/hei-eventos-pepe-esquinas-del-ecocidio-a-la-esperanza-la-respuesta-la-tiene-la-participacion-ciudadana\/","title":{"rendered":"HEI EVENTOS: Pepe Esquinas. \u00bfDel ecocidio a la esperanza? La respuesta la tiene la participaci\u00f3n ciudadana."},"content":{"rendered":"<p><!--IndexOFF-->{\u00ab@context\u00bb: \u00abhttp:\/\/schema.org\u00bb,\u00bb@type\u00bb: \u00abEvent\u00bb,\u00bbname\u00bb: \u00abHEI EVENTOS: Pepe Esquinas. &#191;Del ecocidio a la esperanza? La respuesta la tiene la participaci&#243;n ciudadana.\u00bb,\u00bbstartDate\u00bb: \u00ab##MicrodataFechaDesde##\u00bb,\u00bbendDate\u00bb: \u00ab##MicrodataFechaHasta##\u00bb,\u00bbeventAttendanceMode\u00bb: \u00abhttps:\/\/schema.org\/MixedEventAttendanceMode\u00bb,\u00bblocation\u00bb: {\u00ab@type\u00bb: \u00abPlace\u00bb,\u00bbname\u00bb: \u00abPalacio de Congresos Europa &#8211; Auditorio Francisco de Vitoria\u00bb},\u00bbimage\u00bb: \u00abhttps:\/\/www.vitoria-gasteiz.org\/docs\/wb021\/img\/gestor\/18\/32\/gi_81832.jpg\u00bb,\u00bbdescription\u00bb: \u00abAlgo falla. Por un lado, tenemos un sistema agroalimentario que produce un 60% m&#225;s de lo necesario, mientras que m&#225;s de 800 millones de personas pasan hambre; adem&#225;s, dicho sistema agroalimentario es responsable de casi el 30% de los gases de efecto invernadero y de la p&#233;rdida de m&#225;s del 90% de la biodiversidad agr&#237;cola.<br \/>\nPor otro, el sistema econ&#243;mico aumenta las desigualdades, confunde desarrollo con crecimiento, esquilma y privatiza los recursos del planeta, rompe los equilibrios ecol&#243;gicos y los ciclos naturales y provoca el cambio clim&#225;tico.<br \/>\nLa sociedad, confunde bienestar con consumismo, a&#250;n a costa de degradar la naturaleza y condenar a las generaciones futuras asistiendo impasible a lo que sucede &#191;Es sostenible la sociedad de consumo? &#191;Es m&#225;s feliz?<br \/>\nPepe Esquinas, en su charla con la ciudadan&#237;a, intentar&#225; dar respuesta a estas preguntas con un lenguaje claro, riguroso y alejado de tecnicismos, proponiendo soluciones que parten de la ciudadan&#237;a, de su participaci&#243;n y que permitir&#225;n cambiar la actual deriva hacia el ecocidio para poner rumbo a la esperanza.<br \/>\n&amp;lt;em&amp;gt;Jos&#233; Esquinas Alc&#225;zar (Ciudad Real, 1945), es doctor ingeniero agr&#243;nomo, humanista, doctor en Gen&#233;tica, y m&#225;ster en Horticultura por la Universidad de California, as&#237; como profesor universitario e investigador. Es autor de Rumbo al ecocidio, obra de reciente publicaci&#243;n y prologada por Federico Mayor Zaragoza.&amp;lt;\/em&amp;gt;<br \/>\n&amp;lt;em&amp;gt;El profesor Esquinas Alc&#225;zar trabaj&#243; durante treinta a&#241;os para la Organizaci&#243;n para la Agricultura y la Alimentaci&#243;n (FAO) de la ONU, donde fue responsable del desarrollo de diversos acuerdos internacionales sobre biodiversidad y presidi&#243;, durante una d&#233;cada, el Comit&#233; de &#201;tica de la FAO. Estos cargos le permitieron recorrer m&#225;s de ciento veinte pa&#237;ses y profundizar en temas como hambre, nutrici&#243;n, agricultura, cambio clim&#225;tico, derechos humanos, desarrollo, cooperaci&#243;n y negociaciones internacionales y gobernanza mundial. Ha publicado numerosos art&#237;culos y libros y ha recibido diversos premios nacionales e internacionales en reconocimiento a su actividad docente, investigaci&#243;n y desarrollo de pol&#237;ticas. En la actualidad se dedica a la concienciaci&#243;n a trav&#233;s de la docencia y la divulgaci&#243;n dentro y fuera de Espa&#241;a.&amp;lt;\/em&amp;gt;\u00bb,\u00bbeventStatus\u00bb: \u00abEventScheduled\u00bb}<!--IndexON--><\/p>\n<div class=\"card-header\">\n<div class=\"card-header__imagen\">\n<figure><img decoding=\"async\" src=\"https:\/\/www.vitoria-gasteiz.org\/docs\/wb021\/img\/gestor\/18\/32\/gi_81832.jpg\" alt=\"Pepe Esquinas. \u00bfDel ecocidio a la esperanza?\"><\/figure>\n<\/div>\n<div class=\"card-header__content\">\n<ul class=\"card-event__info-list\">\n<li class=\"card-event__info card-event__info-calendar\">\n\t\t      04\/06\/2024\n\t\t    <\/li>\n<li class=\"card-event__info card-event__info-time\">\n\t\t      18:30 &#8211; 20:30\n\t\t    <\/li>\n<li class=\"card-event__info card-event__info-location\">\n\t\t      Palacio de Congresos Europa &#8211; Auditorio Francisco de Vitoria\n\t\t    <\/li>\n<li class=\"card-event__info card-event__info-public\">\n\t\t      Todos los p\u00fablicos\n\t\t    <\/li>\n<\/ul><\/div>\n<\/div>\n<div>\n<p>Algo falla. Por un lado, tenemos un sistema agroalimentario que produce un 60% m\u00e1s de lo necesario, mientras que m\u00e1s de 800 millones de personas pasan hambre; adem\u00e1s, dicho sistema agroalimentario es responsable de casi el 30% de los gases de efecto invernadero y de la p\u00e9rdida de m\u00e1s del 90% de la biodiversidad agr\u00edcola.<\/p>\n<p>Por otro, el sistema econ\u00f3mico aumenta las desigualdades, confunde desarrollo con crecimiento, esquilma y privatiza los recursos del planeta, rompe los equilibrios ecol\u00f3gicos y los ciclos naturales y provoca el cambio clim\u00e1tico.<\/p>\n<p>La sociedad, confunde bienestar con consumismo, a\u00fan a costa de degradar la naturaleza y condenar a las generaciones futuras asistiendo impasible a lo que sucede \u00bfEs sostenible la sociedad de consumo? \u00bfEs m\u00e1s feliz?<\/p>\n<p>Pepe Esquinas, en su charla con la ciudadan\u00eda, intentar\u00e1 dar respuesta a estas preguntas con un lenguaje claro, riguroso y alejado de tecnicismos, proponiendo soluciones que parten de la ciudadan\u00eda, de su participaci\u00f3n y que permitir\u00e1n cambiar la actual deriva hacia el ecocidio para poner rumbo a la esperanza.<\/p>\n<p><em><strong>Jos\u00e9 Esquinas Alc\u00e1zar<\/strong> (Ciudad Real, 1945), es doctor ingeniero agr\u00f3nomo, humanista, doctor en Gen\u00e9tica, y m\u00e1ster en Horticultura por la Universidad de California, as\u00ed como profesor universitario e investigador. Es autor de Rumbo al ecocidio, obra de reciente publicaci\u00f3n y prologada por Federico Mayor Zaragoza.<\/em><\/p>\n<p><em>El profesor Esquinas Alc\u00e1zar trabaj\u00f3 durante treinta a\u00f1os para la Organizaci\u00f3n para la Agricultura y la Alimentaci\u00f3n (FAO) de la ONU, donde fue responsable del desarrollo de diversos acuerdos internacionales sobre biodiversidad y presidi\u00f3, durante una d\u00e9cada, el Comit\u00e9 de \u00c9tica de la FAO. Estos cargos le permitieron recorrer m\u00e1s de ciento veinte pa\u00edses y profundizar en temas como hambre, nutrici\u00f3n, agricultura, cambio clim\u00e1tico, derechos humanos, desarrollo, cooperaci\u00f3n y negociaciones internacionales y gobernanza mundial. Ha publicado numerosos art\u00edculos y libros y ha recibido diversos premios nacionales e internacionales en reconocimiento a su actividad docente, investigaci\u00f3n y desarrollo de pol\u00edticas. En la actualidad se dedica a la concienciaci\u00f3n a trav\u00e9s de la docencia y la divulgaci\u00f3n dentro y fuera de Espa\u00f1a.<\/em><\/p>\n<\/div>\n<section id=\"apartadoEntrada\" class=\"\">\n<header>\n<h2>Acceso<\/h2>\n<\/header>\n<div>\n      <a class=\"boton\" href=\"https:\/\/sedeelectronica.vitoria-gasteiz.org\/m01-10s\/actividadAction.do?lang=es&amp;locale=es&amp;idioma=es&amp;id=2023%7C%7C5%7C%7CSQIN%7C%7C1%7C%7C1&amp;anio=2023&amp;detalle=detalle&amp;activ=SQIN&amp;nuevaPag=1&amp;cen=5&amp;accion=verCentros\" title=\"\">Inscripci\u00f3n<\/a><\/p>\n<dl>\n<dt>Fechas de inscripci\u00f3n<\/dt>\n<dd>Desde el 20\/03\/2024 08:30 hasta el 04\/06\/2024 14:00<\/dd>\n<\/dl>\n<p>&#8230;o hasta cubrir las plazas.<\/p>\n<\/p><\/div>\n<div>\n<h3>Online<\/h3>\n<div>\n<p><strong>Para seguir la emisi\u00f3n online no es necesario inscribirse<\/strong>.<\/p>\n<p>Tambi\u00e9n podr\u00e1s seguir la conferencia en directo a trav\u00e9s de la <a href=\"https:\/\/www.vitoria-gasteiz.org\/wb021\/was\/contenidoAction.do?lang=es&amp;locale=es&amp;idioma=es&amp;uid=u12aa3e5_1576eff20cf__7e6a&amp;id=\"><strong>p\u00e1gina de emisiones de la HEI<\/strong><\/a>.<\/p>\n<p>Una vez finalizados, los eventos de HEI se guardan en la <a href=\"https:\/\/www.vitoria-gasteiz.org\/wb021\/was\/contenidoAction.do?lang=es&amp;locale=es&amp;idioma=es&amp;uid=u_5796530b_15d11059c17__7f70\">biblioteca digital<\/a>.<\/p>\n<\/div><\/div>\n<\/section>\n<section>\n<header>\n<h2>M\u00e1s informaci\u00f3n<\/h2>\n<\/header>\n<div>\n<div>\n<p><strong>Te has apuntado y no puedes asistir:<\/strong><\/p>\n<ul>\n<li>Ll\u00e1manos al tel\u00e9fono: 945 161 687<\/li>\n<li>Escribe al correo <a href=\"mailto:heieskola@vitoria-gasteiz.org\" target=\"_blank\" rel=\"external noopener noreferrer\">heieskola@vitoria-gasteiz.org<\/a><\/li>\n<\/ul>\n<p>De esta manera podr\u00e1n asistir otras personas.<\/p>\n<p>La actividad puede quedar suspendida si no se apuntan suficientes personas.<\/p>\n<p>Actividad incluida dentro de <a href=\"http:\/\/www.vitoria-gasteiz.org\/we001\/was\/we001Action.do?idioma=es&amp;aplicacion=wb021&amp;tabla=contenido&amp;uid=u12aa3e5_1576eff20cf__7e8b&amp;alias\">HEI Escuela Abierta de la Ciudadan\u00eda<\/a>.<\/p>\n<\/div><\/div>\n<\/section>\n<p>\t<!--ODT:start--><!--ODT:end--><br \/>\n<\/p>","protected":false},"excerpt":{"rendered":"<p>{\u00ab@context\u00bb: \u00abhttp:\/\/schema.org\u00bb,\u00bb@type\u00bb: \u00abEvent\u00bb,\u00bbname\u00bb: \u00abHEI EVENTOS: Pepe Esquinas. &#191;Del ecocidio a [&hellip;]<\/p>\n","protected":false},"author":3,"featured_media":0,"comment_status":"closed","ping_status":"closed","template":"","meta":{"_tribe_events_status":"","_tribe_events_status_reason":"","footnotes":""},"tags":[],"tribe_events_cat":[129],"_links":{"self":[{"href":"https:\/\/hei.eus\/es\/wp-json\/wp\/v2\/tribe_events\/533786"}],"collection":[{"href":"https:\/\/hei.eus\/es\/wp-json\/wp\/v2\/tribe_events"}],"about":[{"href":"https:\/\/hei.eus\/es\/wp-json\/wp\/v2\/types\/tribe_events"}],"author":[{"embeddable":true,"href":"https:\/\/hei.eus\/es\/wp-json\/wp\/v2\/users\/3"}],"replies":[{"embeddable":true,"href":"https:\/\/hei.eus\/es\/wp-json\/wp\/v2\/comments?post=533786"}],"version-history":[{"count":0,"href":"https:\/\/hei.eus\/es\/wp-json\/wp\/v2\/tribe_events\/533786\/revisions"}],"wp:attachment":[{"href":"https:\/\/hei.eus\/es\/wp-json\/wp\/v2\/media?parent=533786"}],"wp:term":[{"taxonomy":"post_tag","embeddable":true,"href":"https:\/\/hei.eus\/es\/wp-json\/wp\/v2\/tags?post=533786"},{"taxonomy":"tribe_events_cat","embeddable":true,"href":"https:\/\/hei.eus\/es\/wp-json\/wp\/v2\/tribe_events_cat?post=533786"}],"curies":[{"name":"wp","href":"https:\/\/api.w.org\/{rel}","templated":true}]}}