{"id":540927,"date":"2024-09-19T11:37:54","date_gmt":"2024-09-19T09:37:54","guid":{"rendered":"https:\/\/hei.eus\/es\/eventos\/hei-asociaciones-la-justificacion-de-las-subvenciones-municipales-aspectos-mas-relevantes-y-dudas\/"},"modified":"2024-11-01T00:37:57","modified_gmt":"2024-10-31T23:37:57","slug":"hei-asociaciones-la-justificacion-de-las-subvenciones-municipales-aspectos-mas-relevantes-y-dudas","status":"publish","type":"tribe_events","link":"https:\/\/hei.eus\/es\/eventos\/hei-asociaciones-la-justificacion-de-las-subvenciones-municipales-aspectos-mas-relevantes-y-dudas\/","title":{"rendered":"HEI ASOCIACIONES: La justificaci\u00f3n de las subvenciones municipales. Aspectos m\u00e1s relevantes y dudas."},"content":{"rendered":"<p><!--IndexOFF--><!--IndexON--><\/p>\n<div class=\"card-header\">\n<div class=\"card-header__imagen\">\n<figure><img decoding=\"async\" src=\"https:\/\/www.vitoria-gasteiz.org\/docs\/wb021\/img\/gestor\/41\/39\/gi_84139.jpg\" alt=\"La justificaci\u00f3n de las subvenciones municipales. Aspectos m\u00e1s relevantes y dudas.\"><\/figure>\n<\/div>\n<div class=\"card-header__content\">\n<ul class=\"card-event__info-list\">\n<li class=\"card-event__info card-event__info-calendar\">\n\t\t      21\/10\/2024\n\t\t    <\/li>\n<li class=\"card-event__info card-event__info-time\">\n\t\t      16:00 &#8211; 18:00\n\t\t    <\/li>\n<li class=\"card-event__info card-event__info-location\">\n\t\t      Casa de Asociaciones Simone de Beauvoir\n\t\t    <\/li>\n<li class=\"card-event__info card-event__info-public\">\n\t\t      Todos los p\u00fablicos\n\t\t    <\/li>\n<li class=\"card-event__info card-event__info-lang\">\n\t\t      Castellano\n\t\t    <\/li>\n<\/ul><\/div>\n<\/div>\n<div>\n<p>Una parte importante de los recursos econ\u00f3micos del Ayuntamiento de Vitoria-Gasteiz se canaliza a trav\u00e9s de subvenciones, con objeto de dar respuesta, con medidas de apoyo financiero, a diversas demandas sociales y econ\u00f3micas planteadas tanto por personas como por entidades p\u00fablicas o privadas.<\/p>\n<p>Esta acci\u00f3n de fomento se canaliza en \u00e1mbitos de actuaci\u00f3n variados, entre otros: cultura, turismo, deporte, educaci\u00f3n, juventud, acci\u00f3n por el clima, cooperaci\u00f3n, participaci\u00f3n ciudadana, pol\u00edticas sociales, igualdad de g\u00e9nero, promoci\u00f3n econ\u00f3mica, planificaci\u00f3n estrat\u00e9gica y euskera.<\/p>\n<p>La vigente Ordenanza Municipal de Subvenciones del Ayuntamiento de Vitoria-Gasteiz es el marco normativo propio de esta acci\u00f3n de fomento municipal. Las convocatorias anuales de subvenciones y los convenios de subvenci\u00f3n nominativa tendr\u00e1n esta Ordenanza como marco legal de referencia en el Ayuntamiento de Vitoria-Gasteiz. En esta charla trataremos los aspectos m\u00e1s relevantes relacionados con la justificaci\u00f3n de las subvenciones municipales en el marco de la Ordenanza y resolveremos las dudas que se puedan plantear al respecto.<\/p>\n<p>Formadora: <strong>Elvira Arcos<\/strong>, t\u00e9cnica del Departamento de Intervenci\u00f3n del Ayuntamiento de Vitoria-Gasteiz.<\/p>\n<\/div>\n<section id=\"apartadoEntrada\" class=\"\">\n<header>\n<h2>Acceso<\/h2>\n<\/header>\n<div>\n      <a class=\"boton\" href=\"https:\/\/www.vitoria-gasteiz.org\/j31-01w\/formularioViewer\/index?lang=es&amp;locale=es&amp;idioma=es&amp;formularioId=733\" title=\"\">Inscripci\u00f3n<\/a><\/p>\n<dl>\n<dt>Fechas de inscripci\u00f3n<\/dt>\n<dd>Desde el 19\/09\/2024 00:00 hasta el 21\/10\/2024 13:00<\/dd>\n<\/dl>\n<p>&#8230;o hasta cubrir las plazas.<\/p>\n<\/p><\/div>\n<\/section>\n<section>\n<header>\n<h2>M\u00e1s informaci\u00f3n<\/h2>\n<\/header>\n<div>\n<div>\n<p>Una parte importante de los recursos econ\u00f3micos del Ayuntamiento de Vitoria-Gasteiz se canaliza a trav\u00e9s de subvenciones, con objeto de dar respuesta, con medidas de apoyo financiero, a diversas demandas sociales y econ\u00f3micas planteadas tanto por personas como por entidades p\u00fablicas o privadas.<\/p>\n<p>Esta acci\u00f3n de fomento se canaliza en \u00e1mbitos de actuaci\u00f3n variados, entre otros: cultura, turismo, deporte, educaci\u00f3n, juventud, acci\u00f3n por el clima, cooperaci\u00f3n, participaci\u00f3n ciudadana, pol\u00edticas sociales, igualdad de g\u00e9nero, promoci\u00f3n econ\u00f3mica, planificaci\u00f3n estrat\u00e9gica y euskera.<\/p>\n<p>La vigente Ordenanza Municipal de Subvenciones del Ayuntamiento de Vitoria-Gasteiz es el marco normativo propio de esta acci\u00f3n de fomento municipal. Las convocatorias anuales de subvenciones y los convenios de subvenci\u00f3n nominativa tendr\u00e1n esta Ordenanza como marco legal de referencia en el Ayuntamiento de Vitoria-Gasteiz. En esta charla trataremos los aspectos m\u00e1s relevantes relacionados con la justificaci\u00f3n de las subvenciones municipales en el marco de la Ordenanza y resolveremos las dudas que se puedan plantear al respecto.<\/p>\n<p>Formadora: <strong>Elvira Arcos<\/strong>, t\u00e9cnica del Departamento de Intervenci\u00f3n del Ayuntamiento de Vitoria-Gasteiz.<\/p>\n<\/div><\/div>\n<\/section>\n<section id=\"apartadoMapa\">\n<header>\n<h2 class=\"oculto\">D\u00f3nde<\/h2>\n<\/header>\n<div>\n<div><\/div>\n<\/p><\/div>\n<\/section>\n<p>\t<!--ODT:start--><!--ODT:end--><br \/>\n<\/p>\n<div style=\"text-align: center\"><a href=\"https:\/\/www.vitoria-gasteiz.org\/j31-01w\/formularioViewer\/index?lang=es&amp;locale=es&amp;idioma=es&amp;formularioId=733\" class=\"tribe-events-button\">INSCR\u00cdBETE<\/a><\/div>\n<p><\/p>","protected":false},"excerpt":{"rendered":"<p>21\/10\/2024 16:00 &#8211; 18:00 Casa de Asociaciones Simone de Beauvoir [&hellip;]<\/p>\n","protected":false},"author":3,"featured_media":0,"comment_status":"closed","ping_status":"closed","template":"","meta":{"_tribe_events_status":"","_tribe_events_status_reason":"","footnotes":""},"tags":[],"tribe_events_cat":[132],"_links":{"self":[{"href":"https:\/\/hei.eus\/es\/wp-json\/wp\/v2\/tribe_events\/540927"}],"collection":[{"href":"https:\/\/hei.eus\/es\/wp-json\/wp\/v2\/tribe_events"}],"about":[{"href":"https:\/\/hei.eus\/es\/wp-json\/wp\/v2\/types\/tribe_events"}],"author":[{"embeddable":true,"href":"https:\/\/hei.eus\/es\/wp-json\/wp\/v2\/users\/3"}],"replies":[{"embeddable":true,"href":"https:\/\/hei.eus\/es\/wp-json\/wp\/v2\/comments?post=540927"}],"version-history":[{"count":0,"href":"https:\/\/hei.eus\/es\/wp-json\/wp\/v2\/tribe_events\/540927\/revisions"}],"wp:attachment":[{"href":"https:\/\/hei.eus\/es\/wp-json\/wp\/v2\/media?parent=540927"}],"wp:term":[{"taxonomy":"post_tag","embeddable":true,"href":"https:\/\/hei.eus\/es\/wp-json\/wp\/v2\/tags?post=540927"},{"taxonomy":"tribe_events_cat","embeddable":true,"href":"https:\/\/hei.eus\/es\/wp-json\/wp\/v2\/tribe_events_cat?post=540927"}],"curies":[{"name":"wp","href":"https:\/\/api.w.org\/{rel}","templated":true}]}}